{"id":1065,"date":"2018-10-23T14:59:25","date_gmt":"2018-10-23T14:59:25","guid":{"rendered":"https:\/\/demo13.gethomey.io\/?page_id=1065"},"modified":"2018-10-23T14:59:25","modified_gmt":"2018-10-23T14:59:25","slug":"listing-carousel-module","status":"publish","type":"page","link":"https:\/\/keep4box.com\/es\/listing-carousel-module\/","title":{"rendered":"Listing Carousel Module"},"content":{"rendered":"<div data-elementor-type=\"wp-page\" data-elementor-id=\"1065\" class=\"elementor elementor-1065\">\n\t\t\t\t\t\t<section class=\"elementor-section elementor-top-section elementor-element elementor-element-1bf33d21 elementor-section-boxed elementor-section-height-default elementor-section-height-default elementor-invisible\" data-id=\"1bf33d21\" data-element_type=\"section\" data-e-type=\"section\" data-settings=\"{&quot;animation&quot;:&quot;fadeIn&quot;}\">\n\t\t\t\t\t\t<div class=\"elementor-container elementor-column-gap-default\">\n\t\t\t\t\t<div class=\"elementor-column elementor-col-100 elementor-top-column elementor-element elementor-element-1b920a29\" data-id=\"1b920a29\" data-element_type=\"column\" data-e-type=\"column\">\n\t\t\t<div class=\"elementor-widget-wrap elementor-element-populated\">\n\t\t\t\t\t\t<div class=\"elementor-element elementor-element-57155752 elementor-widget elementor-widget-spacer\" data-id=\"57155752\" data-element_type=\"widget\" data-e-type=\"widget\" data-widget_type=\"spacer.default\">\n\t\t\t\t\t\t\t<div class=\"elementor-spacer\">\n\t\t\t<div class=\"elementor-spacer-inner\"><\/div>\n\t\t<\/div>\n\t\t\t\t\t\t<\/div>\n\t\t\t\t<div class=\"elementor-element elementor-element-32107a51 elementor-widget elementor-widget-heading\" data-id=\"32107a51\" data-element_type=\"widget\" data-e-type=\"widget\" data-widget_type=\"heading.default\">\n\t\t\t\t\t<h1 class=\"elementor-heading-title elementor-size-large\">The Carousel Listing Module<\/h1>\t\t\t\t<\/div>\n\t\t\t\t<div class=\"elementor-element elementor-element-17a4dd6e elementor-widget elementor-widget-text-editor\" data-id=\"17a4dd6e\" data-element_type=\"widget\" data-e-type=\"widget\" data-widget_type=\"text-editor.default\">\n\t\t\t\t\t\t\t\t\t<p>This page displays all Listing Carousel module combinations. This custom Elementor Page Builder widget helps you to display your listing section on a nice carousel. The module provides listing style, sorting, filtering and carousel options to manage the page content.<\/p>\t\t\t\t\t\t\t\t<\/div>\n\t\t\t\t\t<\/div>\n\t\t<\/div>\n\t\t\t\t\t<\/div>\n\t\t<\/section>\n\t\t\t\t<section class=\"elementor-section elementor-top-section elementor-element elementor-element-6553011f elementor-section-boxed elementor-section-height-default elementor-section-height-default elementor-invisible\" data-id=\"6553011f\" data-element_type=\"section\" data-e-type=\"section\" data-settings=\"{&quot;animation&quot;:&quot;fadeIn&quot;}\">\n\t\t\t\t\t\t<div class=\"elementor-container elementor-column-gap-default\">\n\t\t\t\t\t<div class=\"elementor-column elementor-col-100 elementor-top-column elementor-element elementor-element-57e697c\" data-id=\"57e697c\" data-element_type=\"column\" data-e-type=\"column\">\n\t\t\t<div class=\"elementor-widget-wrap elementor-element-populated\">\n\t\t\t\t\t\t<div class=\"elementor-element elementor-element-ccdad9a elementor-widget-divider--view-line elementor-widget elementor-widget-divider\" data-id=\"ccdad9a\" data-element_type=\"widget\" data-e-type=\"widget\" data-widget_type=\"divider.default\">\n\t\t\t\t\t\t\t<div class=\"elementor-divider\">\n\t\t\t<span class=\"elementor-divider-separator\">\n\t\t\t\t\t\t<\/span>\n\t\t<\/div>\n\t\t\t\t\t\t<\/div>\n\t\t\t\t<div class=\"elementor-element elementor-element-7e4caf2c elementor-widget elementor-widget-homey_elementor_section_title\" data-id=\"7e4caf2c\" data-element_type=\"widget\" data-e-type=\"widget\" data-widget_type=\"homey_elementor_section_title.default\">\n\t\t\t\t<div class=\"elementor-widget-container\">\n\t\t\t\t\t            <div class=\"homey_section_title_wrap_elementor homey-module module-title section-title-module\">\n                                    <h2 class=\"homey_section_title\">Grid View 3 Columns<\/h2>\n                \n                                    <p class=\"homey_section_subtitle sub-heading\">Carousel Listing Module<\/p>\n                            <\/div>\n            \t\t\t\t<\/div>\n\t\t\t\t<\/div>\n\t\t\t\t<div class=\"elementor-element elementor-element-0666ac6 elementor-widget elementor-widget-homey_elementor_listings_carousel\" data-id=\"0666ac6\" data-element_type=\"widget\" data-e-type=\"widget\" data-widget_type=\"homey_elementor_listings_carousel.default\">\n\t\t\t\t<div class=\"elementor-widget-container\">\n\t\t\t\t\t\r\n\t\t<div class=\"module-wrap property-module-grid listing-carousel-next-prev-1BG9Z8x3w9 property-module-grid-slider property-module-grid-slider-3\">\r\n\t\t\t<div class=\"listing-wrap which-layout-grid  item-grid-view\">\r\n\t\t\t\t\t<div id=\"homey-listing-carousel-1BG9Z8x3w9\" data-token=\"1BG9Z8x3w9\" class=\"homey-carousel homey-carouse-elementor item-grid-slider-view item-grid-slider-view-3\">\r\n\t\t\t\t\t\t\n<div class=\"item-wrap infobox_trigger homey-matchHeight item-grid-view infobox_trigger homey-matchHeight\" data-dir=\"listing-item\" data-id=\"5776\">\n    <div class=\"media property-item\">\n        <div class=\"media-left\">\n            <div class=\"item-media item-media-thumb\">\n                                <a class=\"hover-effect\" href=\"https:\/\/keep4box.com\/es\/listing\/traster-mida-gran-a-andorra-la-vella-ciutat-de-valls\/\">\n                    <img fetchpriority=\"high\" decoding=\"async\" width=\"450\" height=\"300\" src=\"https:\/\/keep4box.com\/wp-content\/uploads\/2026\/03\/ciutatdevalls01-450x300.jpg\" class=\"img-responsive wp-post-image\" alt=\"\" srcset=\"https:\/\/keep4box.com\/wp-content\/uploads\/2026\/03\/ciutatdevalls01-450x300.jpg 450w, https:\/\/keep4box.com\/wp-content\/uploads\/2026\/03\/ciutatdevalls01-1140x760.jpg 1140w, https:\/\/keep4box.com\/wp-content\/uploads\/2026\/03\/ciutatdevalls01-120x80.jpg 120w\" sizes=\"(max-width: 450px) 100vw, 450px\" \/>                <\/a>\n\n                \n                                    <div class=\"item-user-image\">\n                        <img decoding=\"async\" data-image-id=\"1\" id=\"profile-img-758\" src=\"https:\/\/keep4box.com\/wp-content\/themes\/homey\/images\/avatar.png\" class=\"img-responsive img-circle\" alt=\"4dministr4dor\" width=\"36\" height=\"36\">                    <\/div>\n                            <\/div>\n        <\/div>\n        <div class=\"media-body item-body clearfix\">\n\n            <div class=\"item-title-head table-block\">\n                <div class=\"title-head-left\">\n                    <h2 class=\"title\"><a href=\"https:\/\/keep4box.com\/es\/listing\/traster-mida-gran-a-andorra-la-vella-ciutat-de-valls\/\">\n                            TRASTERO TAMA\u00d1O GRANDE en Andorra la Vella (Ciutat de Valls)<\/a><\/h2>\n\n                    <address class=\"item-address\">Carrer Ciutat de Valls, 30, Andorra la Vella<\/address>        \n                <\/div>\n            <\/div>\n\n                        <ul class=\"item-amenities\">\n\n                \n                \n                \n                                <li class=\"item-type\">Box GRANDE<\/li>\n                            <\/ul>\n            \n                            <div class=\"item-user-image list-item-hidden\">\n                    <img decoding=\"async\" data-image-id=\"1\" id=\"profile-img-758\" src=\"https:\/\/keep4box.com\/wp-content\/themes\/homey\/images\/avatar.png\" class=\"img-responsive img-circle\" alt=\"4dministr4dor\" width=\"36\" height=\"36\">                    <span class=\"item-user-info\">Anunciado por<br>\n                    4dministr4dor<\/span>\n                <\/div>\n            \n            <div class=\"item-footer\">\n\n                \n                            <\/div>\n        <\/div>\n    <\/div>\n<\/div><!-- .item-wrap -->\n<div class=\"item-wrap infobox_trigger homey-matchHeight item-grid-view infobox_trigger homey-matchHeight\" data-dir=\"listing-item\" data-id=\"5777\">\n    <div class=\"media property-item\">\n        <div class=\"media-left\">\n            <div class=\"item-media item-media-thumb\">\n                                <a class=\"hover-effect\" href=\"https:\/\/keep4box.com\/es\/listing\/traster-mida-mitjana-a-andorra-la-vella-ciutat-de-valls\/\">\n                    <img fetchpriority=\"high\" decoding=\"async\" width=\"450\" height=\"300\" src=\"https:\/\/keep4box.com\/wp-content\/uploads\/2026\/03\/ciutatdevalls01-450x300.jpg\" class=\"img-responsive wp-post-image\" alt=\"\" srcset=\"https:\/\/keep4box.com\/wp-content\/uploads\/2026\/03\/ciutatdevalls01-450x300.jpg 450w, https:\/\/keep4box.com\/wp-content\/uploads\/2026\/03\/ciutatdevalls01-1140x760.jpg 1140w, https:\/\/keep4box.com\/wp-content\/uploads\/2026\/03\/ciutatdevalls01-120x80.jpg 120w\" sizes=\"(max-width: 450px) 100vw, 450px\" \/>                <\/a>\n\n                \n                                    <div class=\"item-user-image\">\n                        <img decoding=\"async\" data-image-id=\"1\" id=\"profile-img-758\" src=\"https:\/\/keep4box.com\/wp-content\/themes\/homey\/images\/avatar.png\" class=\"img-responsive img-circle\" alt=\"4dministr4dor\" width=\"36\" height=\"36\">                    <\/div>\n                            <\/div>\n        <\/div>\n        <div class=\"media-body item-body clearfix\">\n\n            <div class=\"item-title-head table-block\">\n                <div class=\"title-head-left\">\n                    <h2 class=\"title\"><a href=\"https:\/\/keep4box.com\/es\/listing\/traster-mida-mitjana-a-andorra-la-vella-ciutat-de-valls\/\">\n                            TRASTERO TAMA\u00d1O MEDIANO en Andorra la Vella (Ciutat de Valls)<\/a><\/h2>\n\n                    <address class=\"item-address\">Carrer Ciutat de Valls 30, Andorra la Vella, AD500, Andorra, Andorra la Vella<\/address>        \n                <\/div>\n            <\/div>\n\n                        <ul class=\"item-amenities\">\n\n                \n                \n                \n                                <li class=\"item-type\">Box MEDIANO<\/li>\n                            <\/ul>\n            \n                            <div class=\"item-user-image list-item-hidden\">\n                    <img decoding=\"async\" data-image-id=\"1\" id=\"profile-img-758\" src=\"https:\/\/keep4box.com\/wp-content\/themes\/homey\/images\/avatar.png\" class=\"img-responsive img-circle\" alt=\"4dministr4dor\" width=\"36\" height=\"36\">                    <span class=\"item-user-info\">Anunciado por<br>\n                    4dministr4dor<\/span>\n                <\/div>\n            \n            <div class=\"item-footer\">\n\n                \n                            <\/div>\n        <\/div>\n    <\/div>\n<\/div><!-- .item-wrap -->\n<div class=\"item-wrap infobox_trigger homey-matchHeight item-grid-view infobox_trigger homey-matchHeight\" data-dir=\"listing-item\" data-id=\"5778\">\n    <div class=\"media property-item\">\n        <div class=\"media-left\">\n            <div class=\"item-media item-media-thumb\">\n                                <a class=\"hover-effect\" href=\"https:\/\/keep4box.com\/es\/listing\/traster-mida-petita-a-andorra-la-vella-ciutat-de-valls\/\">\n                    <img fetchpriority=\"high\" decoding=\"async\" width=\"450\" height=\"300\" src=\"https:\/\/keep4box.com\/wp-content\/uploads\/2026\/03\/ciutatdevalls01-450x300.jpg\" class=\"img-responsive wp-post-image\" alt=\"\" srcset=\"https:\/\/keep4box.com\/wp-content\/uploads\/2026\/03\/ciutatdevalls01-450x300.jpg 450w, https:\/\/keep4box.com\/wp-content\/uploads\/2026\/03\/ciutatdevalls01-1140x760.jpg 1140w, https:\/\/keep4box.com\/wp-content\/uploads\/2026\/03\/ciutatdevalls01-120x80.jpg 120w\" sizes=\"(max-width: 450px) 100vw, 450px\" \/>                <\/a>\n\n                \n                                    <div class=\"item-user-image\">\n                        <img decoding=\"async\" data-image-id=\"1\" id=\"profile-img-758\" src=\"https:\/\/keep4box.com\/wp-content\/themes\/homey\/images\/avatar.png\" class=\"img-responsive img-circle\" alt=\"4dministr4dor\" width=\"36\" height=\"36\">                    <\/div>\n                            <\/div>\n        <\/div>\n        <div class=\"media-body item-body clearfix\">\n\n            <div class=\"item-title-head table-block\">\n                <div class=\"title-head-left\">\n                    <h2 class=\"title\"><a href=\"https:\/\/keep4box.com\/es\/listing\/traster-mida-petita-a-andorra-la-vella-ciutat-de-valls\/\">\n                            TRASTERO TAMA\u00d1O PEQUE\u00d1O en Andorra la Vella (Ciutat de Valls)<\/a><\/h2>\n\n                    <address class=\"item-address\">Carrer Ciutat de Valls, 30, Andorra la Vella<\/address>        \n                <\/div>\n            <\/div>\n\n                        <ul class=\"item-amenities\">\n\n                \n                \n                \n                                <li class=\"item-type\">Box PEQUE\u00d1O<\/li>\n                            <\/ul>\n            \n                            <div class=\"item-user-image list-item-hidden\">\n                    <img decoding=\"async\" data-image-id=\"1\" id=\"profile-img-758\" src=\"https:\/\/keep4box.com\/wp-content\/themes\/homey\/images\/avatar.png\" class=\"img-responsive img-circle\" alt=\"4dministr4dor\" width=\"36\" height=\"36\">                    <span class=\"item-user-info\">Anunciado por<br>\n                    4dministr4dor<\/span>\n                <\/div>\n            \n            <div class=\"item-footer\">\n\n                \n                            <\/div>\n        <\/div>\n    <\/div>\n<\/div><!-- .item-wrap -->\n<div class=\"item-wrap infobox_trigger homey-matchHeight item-grid-view infobox_trigger homey-matchHeight\" data-dir=\"listing-item\" data-id=\"5705\">\n    <div class=\"media property-item\">\n        <div class=\"media-left\">\n            <div class=\"item-media item-media-thumb\">\n                                <a class=\"hover-effect\" href=\"https:\/\/keep4box.com\/es\/listing\/traster-mida-gran-a-sant-fruitos\/\">\n                    <img decoding=\"async\" width=\"450\" height=\"300\" src=\"https:\/\/keep4box.com\/wp-content\/uploads\/2026\/02\/santfruitos_principal-450x300.jpg\" class=\"img-responsive wp-post-image\" alt=\"\" srcset=\"https:\/\/keep4box.com\/wp-content\/uploads\/2026\/02\/santfruitos_principal-450x300.jpg 450w, https:\/\/keep4box.com\/wp-content\/uploads\/2026\/02\/santfruitos_principal-16x12.jpg 16w, https:\/\/keep4box.com\/wp-content\/uploads\/2026\/02\/santfruitos_principal-1140x760.jpg 1140w, https:\/\/keep4box.com\/wp-content\/uploads\/2026\/02\/santfruitos_principal-120x80.jpg 120w\" sizes=\"(max-width: 450px) 100vw, 450px\" \/>                <\/a>\n\n                \n                                    <div class=\"item-user-image\">\n                        <img decoding=\"async\" data-image-id=\"1\" id=\"profile-img-758\" src=\"https:\/\/keep4box.com\/wp-content\/themes\/homey\/images\/avatar.png\" class=\"img-responsive img-circle\" alt=\"4dministr4dor\" width=\"36\" height=\"36\">                    <\/div>\n                            <\/div>\n        <\/div>\n        <div class=\"media-body item-body clearfix\">\n\n            <div class=\"item-title-head table-block\">\n                <div class=\"title-head-left\">\n                    <h2 class=\"title\"><a href=\"https:\/\/keep4box.com\/es\/listing\/traster-mida-gran-a-sant-fruitos\/\">\n                            TRASTERO TAMA\u00d1O GRANDE en Sant Fruit\u00f3s<\/a><\/h2>\n\n                    <address class=\"item-address\">Carrer de les Tines n\u00ba16, Sant Fruit\u00f3s, Sant Fruit\u00f3s<\/address>        \n                <\/div>\n            <\/div>\n\n                        <ul class=\"item-amenities\">\n\n                \n                \n                \n                                <li class=\"item-type\">Box GRANDE<\/li>\n                            <\/ul>\n            \n                            <div class=\"item-user-image list-item-hidden\">\n                    <img decoding=\"async\" data-image-id=\"1\" id=\"profile-img-758\" src=\"https:\/\/keep4box.com\/wp-content\/themes\/homey\/images\/avatar.png\" class=\"img-responsive img-circle\" alt=\"4dministr4dor\" width=\"36\" height=\"36\">                    <span class=\"item-user-info\">Anunciado por<br>\n                    4dministr4dor<\/span>\n                <\/div>\n            \n            <div class=\"item-footer\">\n\n                \n                            <\/div>\n        <\/div>\n    <\/div>\n<\/div><!-- .item-wrap -->\n<div class=\"item-wrap infobox_trigger homey-matchHeight item-grid-view infobox_trigger homey-matchHeight\" data-dir=\"listing-item\" data-id=\"5697\">\n    <div class=\"media property-item\">\n        <div class=\"media-left\">\n            <div class=\"item-media item-media-thumb\">\n                                <a class=\"hover-effect\" href=\"https:\/\/keep4box.com\/es\/listing\/traster-mida-mitjana-a-sant-fruitos\/\">\n                    <img decoding=\"async\" width=\"450\" height=\"300\" src=\"https:\/\/keep4box.com\/wp-content\/uploads\/2026\/02\/santfruitos_principal-450x300.jpg\" class=\"img-responsive wp-post-image\" alt=\"\" srcset=\"https:\/\/keep4box.com\/wp-content\/uploads\/2026\/02\/santfruitos_principal-450x300.jpg 450w, https:\/\/keep4box.com\/wp-content\/uploads\/2026\/02\/santfruitos_principal-16x12.jpg 16w, https:\/\/keep4box.com\/wp-content\/uploads\/2026\/02\/santfruitos_principal-1140x760.jpg 1140w, https:\/\/keep4box.com\/wp-content\/uploads\/2026\/02\/santfruitos_principal-120x80.jpg 120w\" sizes=\"(max-width: 450px) 100vw, 450px\" \/>                <\/a>\n\n                \n                                    <div class=\"item-user-image\">\n                        <img decoding=\"async\" data-image-id=\"1\" id=\"profile-img-758\" src=\"https:\/\/keep4box.com\/wp-content\/themes\/homey\/images\/avatar.png\" class=\"img-responsive img-circle\" alt=\"4dministr4dor\" width=\"36\" height=\"36\">                    <\/div>\n                            <\/div>\n        <\/div>\n        <div class=\"media-body item-body clearfix\">\n\n            <div class=\"item-title-head table-block\">\n                <div class=\"title-head-left\">\n                    <h2 class=\"title\"><a href=\"https:\/\/keep4box.com\/es\/listing\/traster-mida-mitjana-a-sant-fruitos\/\">\n                            TRASTERO TAMA\u00d1O MEDIANO en Sant Fruit\u00f3s<\/a><\/h2>\n\n                    <address class=\"item-address\">Carrer de les Tines n\u00ba16, Sant Fruit\u00f3s<\/address>        \n                <\/div>\n            <\/div>\n\n                        <ul class=\"item-amenities\">\n\n                \n                \n                \n                                <li class=\"item-type\">Box MEDIANO<\/li>\n                            <\/ul>\n            \n                            <div class=\"item-user-image list-item-hidden\">\n                    <img decoding=\"async\" data-image-id=\"1\" id=\"profile-img-758\" src=\"https:\/\/keep4box.com\/wp-content\/themes\/homey\/images\/avatar.png\" class=\"img-responsive img-circle\" alt=\"4dministr4dor\" width=\"36\" height=\"36\">                    <span class=\"item-user-info\">Anunciado por<br>\n                    4dministr4dor<\/span>\n                <\/div>\n            \n            <div class=\"item-footer\">\n\n                \n                            <\/div>\n        <\/div>\n    <\/div>\n<\/div><!-- .item-wrap -->\n<div class=\"item-wrap infobox_trigger homey-matchHeight item-grid-view infobox_trigger homey-matchHeight\" data-dir=\"listing-item\" data-id=\"5700\">\n    <div class=\"media property-item\">\n        <div class=\"media-left\">\n            <div class=\"item-media item-media-thumb\">\n                                <a class=\"hover-effect\" href=\"https:\/\/keep4box.com\/es\/listing\/traster-mida-petita-a-sant-fruitos\/\">\n                    <img decoding=\"async\" width=\"450\" height=\"300\" src=\"https:\/\/keep4box.com\/wp-content\/uploads\/2026\/02\/santfruitos_principal-450x300.jpg\" class=\"img-responsive wp-post-image\" alt=\"\" srcset=\"https:\/\/keep4box.com\/wp-content\/uploads\/2026\/02\/santfruitos_principal-450x300.jpg 450w, https:\/\/keep4box.com\/wp-content\/uploads\/2026\/02\/santfruitos_principal-16x12.jpg 16w, https:\/\/keep4box.com\/wp-content\/uploads\/2026\/02\/santfruitos_principal-1140x760.jpg 1140w, https:\/\/keep4box.com\/wp-content\/uploads\/2026\/02\/santfruitos_principal-120x80.jpg 120w\" sizes=\"(max-width: 450px) 100vw, 450px\" \/>                <\/a>\n\n                \n                                    <div class=\"item-user-image\">\n                        <img decoding=\"async\" data-image-id=\"1\" id=\"profile-img-758\" src=\"https:\/\/keep4box.com\/wp-content\/themes\/homey\/images\/avatar.png\" class=\"img-responsive img-circle\" alt=\"4dministr4dor\" width=\"36\" height=\"36\">                    <\/div>\n                            <\/div>\n        <\/div>\n        <div class=\"media-body item-body clearfix\">\n\n            <div class=\"item-title-head table-block\">\n                <div class=\"title-head-left\">\n                    <h2 class=\"title\"><a href=\"https:\/\/keep4box.com\/es\/listing\/traster-mida-petita-a-sant-fruitos\/\">\n                            TRASTERO TAMA\u00d1O PEQUE\u00d1O en Sant Fruit\u00f3s<\/a><\/h2>\n\n                    <address class=\"item-address\">Carrer de les Tines n\u00ba16, Sant Fruit\u00f3s<\/address>        \n                <\/div>\n            <\/div>\n\n                        <ul class=\"item-amenities\">\n\n                \n                \n                \n                                <li class=\"item-type\">Box PEQUE\u00d1O<\/li>\n                            <\/ul>\n            \n                            <div class=\"item-user-image list-item-hidden\">\n                    <img decoding=\"async\" data-image-id=\"1\" id=\"profile-img-758\" src=\"https:\/\/keep4box.com\/wp-content\/themes\/homey\/images\/avatar.png\" class=\"img-responsive img-circle\" alt=\"4dministr4dor\" width=\"36\" height=\"36\">                    <span class=\"item-user-info\">Anunciado por<br>\n                    4dministr4dor<\/span>\n                <\/div>\n            \n            <div class=\"item-footer\">\n\n                \n                            <\/div>\n        <\/div>\n    <\/div>\n<\/div><!-- .item-wrap -->\n<div class=\"item-wrap infobox_trigger homey-matchHeight item-grid-view infobox_trigger homey-matchHeight\" data-dir=\"listing-item\" data-id=\"5680\">\n    <div class=\"media property-item\">\n        <div class=\"media-left\">\n            <div class=\"item-media item-media-thumb\">\n                                <a class=\"hover-effect\" href=\"https:\/\/keep4box.com\/es\/listing\/traster-mida-gran-a-rubi\/\">\n                    <img loading=\"lazy\" decoding=\"async\" width=\"450\" height=\"300\" src=\"https:\/\/keep4box.com\/wp-content\/uploads\/2026\/02\/rubibox-450x300.jpg\" class=\"img-responsive wp-post-image\" alt=\"keep4box rubi\" srcset=\"https:\/\/keep4box.com\/wp-content\/uploads\/2026\/02\/rubibox-450x300.jpg 450w, https:\/\/keep4box.com\/wp-content\/uploads\/2026\/02\/rubibox-1140x760.jpg 1140w, https:\/\/keep4box.com\/wp-content\/uploads\/2026\/02\/rubibox-120x80.jpg 120w\" sizes=\"(max-width: 450px) 100vw, 450px\" \/>                <\/a>\n\n                \n                                    <div class=\"item-user-image\">\n                        <img decoding=\"async\" data-image-id=\"1\" id=\"profile-img-758\" src=\"https:\/\/keep4box.com\/wp-content\/themes\/homey\/images\/avatar.png\" class=\"img-responsive img-circle\" alt=\"4dministr4dor\" width=\"36\" height=\"36\">                    <\/div>\n                            <\/div>\n        <\/div>\n        <div class=\"media-body item-body clearfix\">\n\n            <div class=\"item-title-head table-block\">\n                <div class=\"title-head-left\">\n                    <h2 class=\"title\"><a href=\"https:\/\/keep4box.com\/es\/listing\/traster-mida-gran-a-rubi\/\">\n                            TRASTERO TAMA\u00d1O GRANDE en Rub\u00ed<\/a><\/h2>\n\n                    <address class=\"item-address\">Carrer de Luxemburg n\u00ba 2 - Nau 5, Rub\u00ed<\/address>        \n                <\/div>\n            <\/div>\n\n                        <ul class=\"item-amenities\">\n\n                \n                \n                \n                                <li class=\"item-type\">Box GRANDE<\/li>\n                            <\/ul>\n            \n                            <div class=\"item-user-image list-item-hidden\">\n                    <img decoding=\"async\" data-image-id=\"1\" id=\"profile-img-758\" src=\"https:\/\/keep4box.com\/wp-content\/themes\/homey\/images\/avatar.png\" class=\"img-responsive img-circle\" alt=\"4dministr4dor\" width=\"36\" height=\"36\">                    <span class=\"item-user-info\">Anunciado por<br>\n                    4dministr4dor<\/span>\n                <\/div>\n            \n            <div class=\"item-footer\">\n\n                \n                            <\/div>\n        <\/div>\n    <\/div>\n<\/div><!-- .item-wrap -->\n<div class=\"item-wrap infobox_trigger homey-matchHeight item-grid-view infobox_trigger homey-matchHeight\" data-dir=\"listing-item\" data-id=\"5678\">\n    <div class=\"media property-item\">\n        <div class=\"media-left\">\n            <div class=\"item-media item-media-thumb\">\n                                <a class=\"hover-effect\" href=\"https:\/\/keep4box.com\/es\/listing\/traster-mida-mitjana-a-rubi\/\">\n                    <img loading=\"lazy\" decoding=\"async\" width=\"450\" height=\"300\" src=\"https:\/\/keep4box.com\/wp-content\/uploads\/2026\/02\/rubibox-450x300.jpg\" class=\"img-responsive wp-post-image\" alt=\"keep4box rubi\" srcset=\"https:\/\/keep4box.com\/wp-content\/uploads\/2026\/02\/rubibox-450x300.jpg 450w, https:\/\/keep4box.com\/wp-content\/uploads\/2026\/02\/rubibox-1140x760.jpg 1140w, https:\/\/keep4box.com\/wp-content\/uploads\/2026\/02\/rubibox-120x80.jpg 120w\" sizes=\"(max-width: 450px) 100vw, 450px\" \/>                <\/a>\n\n                \n                                    <div class=\"item-user-image\">\n                        <img decoding=\"async\" data-image-id=\"1\" id=\"profile-img-758\" src=\"https:\/\/keep4box.com\/wp-content\/themes\/homey\/images\/avatar.png\" class=\"img-responsive img-circle\" alt=\"4dministr4dor\" width=\"36\" height=\"36\">                    <\/div>\n                            <\/div>\n        <\/div>\n        <div class=\"media-body item-body clearfix\">\n\n            <div class=\"item-title-head table-block\">\n                <div class=\"title-head-left\">\n                    <h2 class=\"title\"><a href=\"https:\/\/keep4box.com\/es\/listing\/traster-mida-mitjana-a-rubi\/\">\n                            TRASTERO TAMA\u00d1O MEDIANO en Rub\u00ed<\/a><\/h2>\n\n                    <address class=\"item-address\">Carrer de Luxemburg n\u00ba 2 - Nau, Rub\u00ed<\/address>        \n                <\/div>\n            <\/div>\n\n                        <ul class=\"item-amenities\">\n\n                \n                \n                \n                                <li class=\"item-type\">Box MEDIANO<\/li>\n                            <\/ul>\n            \n                            <div class=\"item-user-image list-item-hidden\">\n                    <img decoding=\"async\" data-image-id=\"1\" id=\"profile-img-758\" src=\"https:\/\/keep4box.com\/wp-content\/themes\/homey\/images\/avatar.png\" class=\"img-responsive img-circle\" alt=\"4dministr4dor\" width=\"36\" height=\"36\">                    <span class=\"item-user-info\">Anunciado por<br>\n                    4dministr4dor<\/span>\n                <\/div>\n            \n            <div class=\"item-footer\">\n\n                \n                            <\/div>\n        <\/div>\n    <\/div>\n<\/div><!-- .item-wrap -->\n<div class=\"item-wrap infobox_trigger homey-matchHeight item-grid-view infobox_trigger homey-matchHeight\" data-dir=\"listing-item\" data-id=\"5676\">\n    <div class=\"media property-item\">\n        <div class=\"media-left\">\n            <div class=\"item-media item-media-thumb\">\n                                <a class=\"hover-effect\" href=\"https:\/\/keep4box.com\/es\/listing\/traster-mida-petita-a-rubi\/\">\n                    <img loading=\"lazy\" decoding=\"async\" width=\"450\" height=\"300\" src=\"https:\/\/keep4box.com\/wp-content\/uploads\/2026\/02\/rubibox-450x300.jpg\" class=\"img-responsive wp-post-image\" alt=\"keep4box rubi\" srcset=\"https:\/\/keep4box.com\/wp-content\/uploads\/2026\/02\/rubibox-450x300.jpg 450w, https:\/\/keep4box.com\/wp-content\/uploads\/2026\/02\/rubibox-1140x760.jpg 1140w, https:\/\/keep4box.com\/wp-content\/uploads\/2026\/02\/rubibox-120x80.jpg 120w\" sizes=\"(max-width: 450px) 100vw, 450px\" \/>                <\/a>\n\n                \n                                    <div class=\"item-user-image\">\n                        <img decoding=\"async\" data-image-id=\"1\" id=\"profile-img-758\" src=\"https:\/\/keep4box.com\/wp-content\/themes\/homey\/images\/avatar.png\" class=\"img-responsive img-circle\" alt=\"4dministr4dor\" width=\"36\" height=\"36\">                    <\/div>\n                            <\/div>\n        <\/div>\n        <div class=\"media-body item-body clearfix\">\n\n            <div class=\"item-title-head table-block\">\n                <div class=\"title-head-left\">\n                    <h2 class=\"title\"><a href=\"https:\/\/keep4box.com\/es\/listing\/traster-mida-petita-a-rubi\/\">\n                            TRASTERO TAMA\u00d1O PEQUE\u00d1O en Rub\u00ed<\/a><\/h2>\n\n                    <address class=\"item-address\">Carrer de Luxemburg n\u00ba 2 - Nau, Rub\u00ed<\/address>        \n                <\/div>\n            <\/div>\n\n                        <ul class=\"item-amenities\">\n\n                \n                \n                \n                                <li class=\"item-type\">Box PEQUE\u00d1O<\/li>\n                            <\/ul>\n            \n                            <div class=\"item-user-image list-item-hidden\">\n                    <img decoding=\"async\" data-image-id=\"1\" id=\"profile-img-758\" src=\"https:\/\/keep4box.com\/wp-content\/themes\/homey\/images\/avatar.png\" class=\"img-responsive img-circle\" alt=\"4dministr4dor\" width=\"36\" height=\"36\">                    <span class=\"item-user-info\">Anunciado por<br>\n                    4dministr4dor<\/span>\n                <\/div>\n            \n            <div class=\"item-footer\">\n\n                \n                            <\/div>\n        <\/div>\n    <\/div>\n<\/div><!-- .item-wrap -->\t\t\t\t<\/div>\r\n\t\t\t<\/div><!-- grid-listing-page -->\r\n\t\t<\/div>\r\n\t\t\r\n\t\t\t\t\t\t<\/div>\n\t\t\t\t<\/div>\n\t\t\t\t\t<\/div>\n\t\t<\/div>\n\t\t\t\t\t<\/div>\n\t\t<\/section>\n\t\t\t\t<section class=\"elementor-section elementor-top-section elementor-element elementor-element-435d9ea elementor-section-boxed elementor-section-height-default elementor-section-height-default elementor-invisible\" data-id=\"435d9ea\" data-element_type=\"section\" data-e-type=\"section\" data-settings=\"{&quot;animation&quot;:&quot;fadeIn&quot;}\">\n\t\t\t\t\t\t<div class=\"elementor-container elementor-column-gap-default\">\n\t\t\t\t\t<div class=\"elementor-column elementor-col-100 elementor-top-column elementor-element elementor-element-91d1678\" data-id=\"91d1678\" data-element_type=\"column\" data-e-type=\"column\">\n\t\t\t<div class=\"elementor-widget-wrap elementor-element-populated\">\n\t\t\t\t\t\t<div class=\"elementor-element elementor-element-97a8868 elementor-widget-divider--view-line elementor-widget elementor-widget-divider\" data-id=\"97a8868\" data-element_type=\"widget\" data-e-type=\"widget\" data-widget_type=\"divider.default\">\n\t\t\t\t\t\t\t<div class=\"elementor-divider\">\n\t\t\t<span class=\"elementor-divider-separator\">\n\t\t\t\t\t\t<\/span>\n\t\t<\/div>\n\t\t\t\t\t\t<\/div>\n\t\t\t\t<div class=\"elementor-element elementor-element-2e7ab65 elementor-widget elementor-widget-homey_elementor_section_title\" data-id=\"2e7ab65\" data-element_type=\"widget\" data-e-type=\"widget\" data-widget_type=\"homey_elementor_section_title.default\">\n\t\t\t\t<div class=\"elementor-widget-container\">\n\t\t\t\t\t            <div class=\"homey_section_title_wrap_elementor homey-module module-title section-title-module\">\n                                    <h2 class=\"homey_section_title\">Grid View 4 Columns<\/h2>\n                \n                                    <p class=\"homey_section_subtitle sub-heading\">Carousel Listing Module<\/p>\n                            <\/div>\n            \t\t\t\t<\/div>\n\t\t\t\t<\/div>\n\t\t\t\t<div class=\"elementor-element elementor-element-980c764 elementor-widget elementor-widget-homey_elementor_listings_carousel\" data-id=\"980c764\" data-element_type=\"widget\" data-e-type=\"widget\" data-widget_type=\"homey_elementor_listings_carousel.default\">\n\t\t\t\t<div class=\"elementor-widget-container\">\n\t\t\t\t\t\r\n\t\t<div class=\"module-wrap property-module-grid listing-carousel-next-prev-VWlWFlz2Wd property-module-grid-slider property-module-grid-slider-4\">\r\n\t\t\t<div class=\"listing-wrap which-layout-grid  item-grid-view\">\r\n\t\t\t\t\t<div id=\"homey-listing-carousel-VWlWFlz2Wd\" data-token=\"VWlWFlz2Wd\" class=\"homey-carousel homey-carouse-elementor item-grid-slider-view item-grid-slider-view-4\">\r\n\t\t\t\t\t\t\n<div class=\"item-wrap infobox_trigger homey-matchHeight item-grid-view infobox_trigger homey-matchHeight\" data-dir=\"listing-item\" data-id=\"5776\">\n    <div class=\"media property-item\">\n        <div class=\"media-left\">\n            <div class=\"item-media item-media-thumb\">\n                                <a class=\"hover-effect\" href=\"https:\/\/keep4box.com\/es\/listing\/traster-mida-gran-a-andorra-la-vella-ciutat-de-valls\/\">\n                    <img fetchpriority=\"high\" decoding=\"async\" width=\"450\" height=\"300\" src=\"https:\/\/keep4box.com\/wp-content\/uploads\/2026\/03\/ciutatdevalls01-450x300.jpg\" class=\"img-responsive wp-post-image\" alt=\"\" srcset=\"https:\/\/keep4box.com\/wp-content\/uploads\/2026\/03\/ciutatdevalls01-450x300.jpg 450w, https:\/\/keep4box.com\/wp-content\/uploads\/2026\/03\/ciutatdevalls01-1140x760.jpg 1140w, https:\/\/keep4box.com\/wp-content\/uploads\/2026\/03\/ciutatdevalls01-120x80.jpg 120w\" sizes=\"(max-width: 450px) 100vw, 450px\" \/>                <\/a>\n\n                \n                                    <div class=\"item-user-image\">\n                        <img decoding=\"async\" data-image-id=\"1\" id=\"profile-img-758\" src=\"https:\/\/keep4box.com\/wp-content\/themes\/homey\/images\/avatar.png\" class=\"img-responsive img-circle\" alt=\"4dministr4dor\" width=\"36\" height=\"36\">                    <\/div>\n                            <\/div>\n        <\/div>\n        <div class=\"media-body item-body clearfix\">\n\n            <div class=\"item-title-head table-block\">\n                <div class=\"title-head-left\">\n                    <h2 class=\"title\"><a href=\"https:\/\/keep4box.com\/es\/listing\/traster-mida-gran-a-andorra-la-vella-ciutat-de-valls\/\">\n                            TRASTERO TAMA\u00d1O GRANDE en Andorra la Vella (Ciutat de Valls)<\/a><\/h2>\n\n                    <address class=\"item-address\">Carrer Ciutat de Valls, 30, Andorra la Vella<\/address>        \n                <\/div>\n            <\/div>\n\n                        <ul class=\"item-amenities\">\n\n                \n                \n                \n                                <li class=\"item-type\">Box GRANDE<\/li>\n                            <\/ul>\n            \n                            <div class=\"item-user-image list-item-hidden\">\n                    <img decoding=\"async\" data-image-id=\"1\" id=\"profile-img-758\" src=\"https:\/\/keep4box.com\/wp-content\/themes\/homey\/images\/avatar.png\" class=\"img-responsive img-circle\" alt=\"4dministr4dor\" width=\"36\" height=\"36\">                    <span class=\"item-user-info\">Anunciado por<br>\n                    4dministr4dor<\/span>\n                <\/div>\n            \n            <div class=\"item-footer\">\n\n                \n                            <\/div>\n        <\/div>\n    <\/div>\n<\/div><!-- .item-wrap -->\n<div class=\"item-wrap infobox_trigger homey-matchHeight item-grid-view infobox_trigger homey-matchHeight\" data-dir=\"listing-item\" data-id=\"5777\">\n    <div class=\"media property-item\">\n        <div class=\"media-left\">\n            <div class=\"item-media item-media-thumb\">\n                                <a class=\"hover-effect\" href=\"https:\/\/keep4box.com\/es\/listing\/traster-mida-mitjana-a-andorra-la-vella-ciutat-de-valls\/\">\n                    <img fetchpriority=\"high\" decoding=\"async\" width=\"450\" height=\"300\" src=\"https:\/\/keep4box.com\/wp-content\/uploads\/2026\/03\/ciutatdevalls01-450x300.jpg\" class=\"img-responsive wp-post-image\" alt=\"\" srcset=\"https:\/\/keep4box.com\/wp-content\/uploads\/2026\/03\/ciutatdevalls01-450x300.jpg 450w, https:\/\/keep4box.com\/wp-content\/uploads\/2026\/03\/ciutatdevalls01-1140x760.jpg 1140w, https:\/\/keep4box.com\/wp-content\/uploads\/2026\/03\/ciutatdevalls01-120x80.jpg 120w\" sizes=\"(max-width: 450px) 100vw, 450px\" \/>                <\/a>\n\n                \n                                    <div class=\"item-user-image\">\n                        <img decoding=\"async\" data-image-id=\"1\" id=\"profile-img-758\" src=\"https:\/\/keep4box.com\/wp-content\/themes\/homey\/images\/avatar.png\" class=\"img-responsive img-circle\" alt=\"4dministr4dor\" width=\"36\" height=\"36\">                    <\/div>\n                            <\/div>\n        <\/div>\n        <div class=\"media-body item-body clearfix\">\n\n            <div class=\"item-title-head table-block\">\n                <div class=\"title-head-left\">\n                    <h2 class=\"title\"><a href=\"https:\/\/keep4box.com\/es\/listing\/traster-mida-mitjana-a-andorra-la-vella-ciutat-de-valls\/\">\n                            TRASTERO TAMA\u00d1O MEDIANO en Andorra la Vella (Ciutat de Valls)<\/a><\/h2>\n\n                    <address class=\"item-address\">Carrer Ciutat de Valls 30, Andorra la Vella, AD500, Andorra, Andorra la Vella<\/address>        \n                <\/div>\n            <\/div>\n\n                        <ul class=\"item-amenities\">\n\n                \n                \n                \n                                <li class=\"item-type\">Box MEDIANO<\/li>\n                            <\/ul>\n            \n                            <div class=\"item-user-image list-item-hidden\">\n                    <img decoding=\"async\" data-image-id=\"1\" id=\"profile-img-758\" src=\"https:\/\/keep4box.com\/wp-content\/themes\/homey\/images\/avatar.png\" class=\"img-responsive img-circle\" alt=\"4dministr4dor\" width=\"36\" height=\"36\">                    <span class=\"item-user-info\">Anunciado por<br>\n                    4dministr4dor<\/span>\n                <\/div>\n            \n            <div class=\"item-footer\">\n\n                \n                            <\/div>\n        <\/div>\n    <\/div>\n<\/div><!-- .item-wrap -->\n<div class=\"item-wrap infobox_trigger homey-matchHeight item-grid-view infobox_trigger homey-matchHeight\" data-dir=\"listing-item\" data-id=\"5778\">\n    <div class=\"media property-item\">\n        <div class=\"media-left\">\n            <div class=\"item-media item-media-thumb\">\n                                <a class=\"hover-effect\" href=\"https:\/\/keep4box.com\/es\/listing\/traster-mida-petita-a-andorra-la-vella-ciutat-de-valls\/\">\n                    <img fetchpriority=\"high\" decoding=\"async\" width=\"450\" height=\"300\" src=\"https:\/\/keep4box.com\/wp-content\/uploads\/2026\/03\/ciutatdevalls01-450x300.jpg\" class=\"img-responsive wp-post-image\" alt=\"\" srcset=\"https:\/\/keep4box.com\/wp-content\/uploads\/2026\/03\/ciutatdevalls01-450x300.jpg 450w, https:\/\/keep4box.com\/wp-content\/uploads\/2026\/03\/ciutatdevalls01-1140x760.jpg 1140w, https:\/\/keep4box.com\/wp-content\/uploads\/2026\/03\/ciutatdevalls01-120x80.jpg 120w\" sizes=\"(max-width: 450px) 100vw, 450px\" \/>                <\/a>\n\n                \n                                    <div class=\"item-user-image\">\n                        <img decoding=\"async\" data-image-id=\"1\" id=\"profile-img-758\" src=\"https:\/\/keep4box.com\/wp-content\/themes\/homey\/images\/avatar.png\" class=\"img-responsive img-circle\" alt=\"4dministr4dor\" width=\"36\" height=\"36\">                    <\/div>\n                            <\/div>\n        <\/div>\n        <div class=\"media-body item-body clearfix\">\n\n            <div class=\"item-title-head table-block\">\n                <div class=\"title-head-left\">\n                    <h2 class=\"title\"><a href=\"https:\/\/keep4box.com\/es\/listing\/traster-mida-petita-a-andorra-la-vella-ciutat-de-valls\/\">\n                            TRASTERO TAMA\u00d1O PEQUE\u00d1O en Andorra la Vella (Ciutat de Valls)<\/a><\/h2>\n\n                    <address class=\"item-address\">Carrer Ciutat de Valls, 30, Andorra la Vella<\/address>        \n                <\/div>\n            <\/div>\n\n                        <ul class=\"item-amenities\">\n\n                \n                \n                \n                                <li class=\"item-type\">Box PEQUE\u00d1O<\/li>\n                            <\/ul>\n            \n                            <div class=\"item-user-image list-item-hidden\">\n                    <img decoding=\"async\" data-image-id=\"1\" id=\"profile-img-758\" src=\"https:\/\/keep4box.com\/wp-content\/themes\/homey\/images\/avatar.png\" class=\"img-responsive img-circle\" alt=\"4dministr4dor\" width=\"36\" height=\"36\">                    <span class=\"item-user-info\">Anunciado por<br>\n                    4dministr4dor<\/span>\n                <\/div>\n            \n            <div class=\"item-footer\">\n\n                \n                            <\/div>\n        <\/div>\n    <\/div>\n<\/div><!-- .item-wrap -->\n<div class=\"item-wrap infobox_trigger homey-matchHeight item-grid-view infobox_trigger homey-matchHeight\" data-dir=\"listing-item\" data-id=\"5705\">\n    <div class=\"media property-item\">\n        <div class=\"media-left\">\n            <div class=\"item-media item-media-thumb\">\n                                <a class=\"hover-effect\" href=\"https:\/\/keep4box.com\/es\/listing\/traster-mida-gran-a-sant-fruitos\/\">\n                    <img decoding=\"async\" width=\"450\" height=\"300\" src=\"https:\/\/keep4box.com\/wp-content\/uploads\/2026\/02\/santfruitos_principal-450x300.jpg\" class=\"img-responsive wp-post-image\" alt=\"\" srcset=\"https:\/\/keep4box.com\/wp-content\/uploads\/2026\/02\/santfruitos_principal-450x300.jpg 450w, https:\/\/keep4box.com\/wp-content\/uploads\/2026\/02\/santfruitos_principal-16x12.jpg 16w, https:\/\/keep4box.com\/wp-content\/uploads\/2026\/02\/santfruitos_principal-1140x760.jpg 1140w, https:\/\/keep4box.com\/wp-content\/uploads\/2026\/02\/santfruitos_principal-120x80.jpg 120w\" sizes=\"(max-width: 450px) 100vw, 450px\" \/>                <\/a>\n\n                \n                                    <div class=\"item-user-image\">\n                        <img decoding=\"async\" data-image-id=\"1\" id=\"profile-img-758\" src=\"https:\/\/keep4box.com\/wp-content\/themes\/homey\/images\/avatar.png\" class=\"img-responsive img-circle\" alt=\"4dministr4dor\" width=\"36\" height=\"36\">                    <\/div>\n                            <\/div>\n        <\/div>\n        <div class=\"media-body item-body clearfix\">\n\n            <div class=\"item-title-head table-block\">\n                <div class=\"title-head-left\">\n                    <h2 class=\"title\"><a href=\"https:\/\/keep4box.com\/es\/listing\/traster-mida-gran-a-sant-fruitos\/\">\n                            TRASTERO TAMA\u00d1O GRANDE en Sant Fruit\u00f3s<\/a><\/h2>\n\n                    <address class=\"item-address\">Carrer de les Tines n\u00ba16, Sant Fruit\u00f3s, Sant Fruit\u00f3s<\/address>        \n                <\/div>\n            <\/div>\n\n                        <ul class=\"item-amenities\">\n\n                \n                \n                \n                                <li class=\"item-type\">Box GRANDE<\/li>\n                            <\/ul>\n            \n                            <div class=\"item-user-image list-item-hidden\">\n                    <img decoding=\"async\" data-image-id=\"1\" id=\"profile-img-758\" src=\"https:\/\/keep4box.com\/wp-content\/themes\/homey\/images\/avatar.png\" class=\"img-responsive img-circle\" alt=\"4dministr4dor\" width=\"36\" height=\"36\">                    <span class=\"item-user-info\">Anunciado por<br>\n                    4dministr4dor<\/span>\n                <\/div>\n            \n            <div class=\"item-footer\">\n\n                \n                            <\/div>\n        <\/div>\n    <\/div>\n<\/div><!-- .item-wrap -->\n<div class=\"item-wrap infobox_trigger homey-matchHeight item-grid-view infobox_trigger homey-matchHeight\" data-dir=\"listing-item\" data-id=\"5697\">\n    <div class=\"media property-item\">\n        <div class=\"media-left\">\n            <div class=\"item-media item-media-thumb\">\n                                <a class=\"hover-effect\" href=\"https:\/\/keep4box.com\/es\/listing\/traster-mida-mitjana-a-sant-fruitos\/\">\n                    <img decoding=\"async\" width=\"450\" height=\"300\" src=\"https:\/\/keep4box.com\/wp-content\/uploads\/2026\/02\/santfruitos_principal-450x300.jpg\" class=\"img-responsive wp-post-image\" alt=\"\" srcset=\"https:\/\/keep4box.com\/wp-content\/uploads\/2026\/02\/santfruitos_principal-450x300.jpg 450w, https:\/\/keep4box.com\/wp-content\/uploads\/2026\/02\/santfruitos_principal-16x12.jpg 16w, https:\/\/keep4box.com\/wp-content\/uploads\/2026\/02\/santfruitos_principal-1140x760.jpg 1140w, https:\/\/keep4box.com\/wp-content\/uploads\/2026\/02\/santfruitos_principal-120x80.jpg 120w\" sizes=\"(max-width: 450px) 100vw, 450px\" \/>                <\/a>\n\n                \n                                    <div class=\"item-user-image\">\n                        <img decoding=\"async\" data-image-id=\"1\" id=\"profile-img-758\" src=\"https:\/\/keep4box.com\/wp-content\/themes\/homey\/images\/avatar.png\" class=\"img-responsive img-circle\" alt=\"4dministr4dor\" width=\"36\" height=\"36\">                    <\/div>\n                            <\/div>\n        <\/div>\n        <div class=\"media-body item-body clearfix\">\n\n            <div class=\"item-title-head table-block\">\n                <div class=\"title-head-left\">\n                    <h2 class=\"title\"><a href=\"https:\/\/keep4box.com\/es\/listing\/traster-mida-mitjana-a-sant-fruitos\/\">\n                            TRASTERO TAMA\u00d1O MEDIANO en Sant Fruit\u00f3s<\/a><\/h2>\n\n                    <address class=\"item-address\">Carrer de les Tines n\u00ba16, Sant Fruit\u00f3s<\/address>        \n                <\/div>\n            <\/div>\n\n                        <ul class=\"item-amenities\">\n\n                \n                \n                \n                                <li class=\"item-type\">Box MEDIANO<\/li>\n                            <\/ul>\n            \n                            <div class=\"item-user-image list-item-hidden\">\n                    <img decoding=\"async\" data-image-id=\"1\" id=\"profile-img-758\" src=\"https:\/\/keep4box.com\/wp-content\/themes\/homey\/images\/avatar.png\" class=\"img-responsive img-circle\" alt=\"4dministr4dor\" width=\"36\" height=\"36\">                    <span class=\"item-user-info\">Anunciado por<br>\n                    4dministr4dor<\/span>\n                <\/div>\n            \n            <div class=\"item-footer\">\n\n                \n                            <\/div>\n        <\/div>\n    <\/div>\n<\/div><!-- .item-wrap -->\n<div class=\"item-wrap infobox_trigger homey-matchHeight item-grid-view infobox_trigger homey-matchHeight\" data-dir=\"listing-item\" data-id=\"5700\">\n    <div class=\"media property-item\">\n        <div class=\"media-left\">\n            <div class=\"item-media item-media-thumb\">\n                                <a class=\"hover-effect\" href=\"https:\/\/keep4box.com\/es\/listing\/traster-mida-petita-a-sant-fruitos\/\">\n                    <img decoding=\"async\" width=\"450\" height=\"300\" src=\"https:\/\/keep4box.com\/wp-content\/uploads\/2026\/02\/santfruitos_principal-450x300.jpg\" class=\"img-responsive wp-post-image\" alt=\"\" srcset=\"https:\/\/keep4box.com\/wp-content\/uploads\/2026\/02\/santfruitos_principal-450x300.jpg 450w, https:\/\/keep4box.com\/wp-content\/uploads\/2026\/02\/santfruitos_principal-16x12.jpg 16w, https:\/\/keep4box.com\/wp-content\/uploads\/2026\/02\/santfruitos_principal-1140x760.jpg 1140w, https:\/\/keep4box.com\/wp-content\/uploads\/2026\/02\/santfruitos_principal-120x80.jpg 120w\" sizes=\"(max-width: 450px) 100vw, 450px\" \/>                <\/a>\n\n                \n                                    <div class=\"item-user-image\">\n                        <img decoding=\"async\" data-image-id=\"1\" id=\"profile-img-758\" src=\"https:\/\/keep4box.com\/wp-content\/themes\/homey\/images\/avatar.png\" class=\"img-responsive img-circle\" alt=\"4dministr4dor\" width=\"36\" height=\"36\">                    <\/div>\n                            <\/div>\n        <\/div>\n        <div class=\"media-body item-body clearfix\">\n\n            <div class=\"item-title-head table-block\">\n                <div class=\"title-head-left\">\n                    <h2 class=\"title\"><a href=\"https:\/\/keep4box.com\/es\/listing\/traster-mida-petita-a-sant-fruitos\/\">\n                            TRASTERO TAMA\u00d1O PEQUE\u00d1O en Sant Fruit\u00f3s<\/a><\/h2>\n\n                    <address class=\"item-address\">Carrer de les Tines n\u00ba16, Sant Fruit\u00f3s<\/address>        \n                <\/div>\n            <\/div>\n\n                        <ul class=\"item-amenities\">\n\n                \n                \n                \n                                <li class=\"item-type\">Box PEQUE\u00d1O<\/li>\n                            <\/ul>\n            \n                            <div class=\"item-user-image list-item-hidden\">\n                    <img decoding=\"async\" data-image-id=\"1\" id=\"profile-img-758\" src=\"https:\/\/keep4box.com\/wp-content\/themes\/homey\/images\/avatar.png\" class=\"img-responsive img-circle\" alt=\"4dministr4dor\" width=\"36\" height=\"36\">                    <span class=\"item-user-info\">Anunciado por<br>\n                    4dministr4dor<\/span>\n                <\/div>\n            \n            <div class=\"item-footer\">\n\n                \n                            <\/div>\n        <\/div>\n    <\/div>\n<\/div><!-- .item-wrap -->\n<div class=\"item-wrap infobox_trigger homey-matchHeight item-grid-view infobox_trigger homey-matchHeight\" data-dir=\"listing-item\" data-id=\"5680\">\n    <div class=\"media property-item\">\n        <div class=\"media-left\">\n            <div class=\"item-media item-media-thumb\">\n                                <a class=\"hover-effect\" href=\"https:\/\/keep4box.com\/es\/listing\/traster-mida-gran-a-rubi\/\">\n                    <img loading=\"lazy\" decoding=\"async\" width=\"450\" height=\"300\" src=\"https:\/\/keep4box.com\/wp-content\/uploads\/2026\/02\/rubibox-450x300.jpg\" class=\"img-responsive wp-post-image\" alt=\"keep4box rubi\" srcset=\"https:\/\/keep4box.com\/wp-content\/uploads\/2026\/02\/rubibox-450x300.jpg 450w, https:\/\/keep4box.com\/wp-content\/uploads\/2026\/02\/rubibox-1140x760.jpg 1140w, https:\/\/keep4box.com\/wp-content\/uploads\/2026\/02\/rubibox-120x80.jpg 120w\" sizes=\"(max-width: 450px) 100vw, 450px\" \/>                <\/a>\n\n                \n                                    <div class=\"item-user-image\">\n                        <img decoding=\"async\" data-image-id=\"1\" id=\"profile-img-758\" src=\"https:\/\/keep4box.com\/wp-content\/themes\/homey\/images\/avatar.png\" class=\"img-responsive img-circle\" alt=\"4dministr4dor\" width=\"36\" height=\"36\">                    <\/div>\n                            <\/div>\n        <\/div>\n        <div class=\"media-body item-body clearfix\">\n\n            <div class=\"item-title-head table-block\">\n                <div class=\"title-head-left\">\n                    <h2 class=\"title\"><a href=\"https:\/\/keep4box.com\/es\/listing\/traster-mida-gran-a-rubi\/\">\n                            TRASTERO TAMA\u00d1O GRANDE en Rub\u00ed<\/a><\/h2>\n\n                    <address class=\"item-address\">Carrer de Luxemburg n\u00ba 2 - Nau 5, Rub\u00ed<\/address>        \n                <\/div>\n            <\/div>\n\n                        <ul class=\"item-amenities\">\n\n                \n                \n                \n                                <li class=\"item-type\">Box GRANDE<\/li>\n                            <\/ul>\n            \n                            <div class=\"item-user-image list-item-hidden\">\n                    <img decoding=\"async\" data-image-id=\"1\" id=\"profile-img-758\" src=\"https:\/\/keep4box.com\/wp-content\/themes\/homey\/images\/avatar.png\" class=\"img-responsive img-circle\" alt=\"4dministr4dor\" width=\"36\" height=\"36\">                    <span class=\"item-user-info\">Anunciado por<br>\n                    4dministr4dor<\/span>\n                <\/div>\n            \n            <div class=\"item-footer\">\n\n                \n                            <\/div>\n        <\/div>\n    <\/div>\n<\/div><!-- .item-wrap -->\n<div class=\"item-wrap infobox_trigger homey-matchHeight item-grid-view infobox_trigger homey-matchHeight\" data-dir=\"listing-item\" data-id=\"5678\">\n    <div class=\"media property-item\">\n        <div class=\"media-left\">\n            <div class=\"item-media item-media-thumb\">\n                                <a class=\"hover-effect\" href=\"https:\/\/keep4box.com\/es\/listing\/traster-mida-mitjana-a-rubi\/\">\n                    <img loading=\"lazy\" decoding=\"async\" width=\"450\" height=\"300\" src=\"https:\/\/keep4box.com\/wp-content\/uploads\/2026\/02\/rubibox-450x300.jpg\" class=\"img-responsive wp-post-image\" alt=\"keep4box rubi\" srcset=\"https:\/\/keep4box.com\/wp-content\/uploads\/2026\/02\/rubibox-450x300.jpg 450w, https:\/\/keep4box.com\/wp-content\/uploads\/2026\/02\/rubibox-1140x760.jpg 1140w, https:\/\/keep4box.com\/wp-content\/uploads\/2026\/02\/rubibox-120x80.jpg 120w\" sizes=\"(max-width: 450px) 100vw, 450px\" \/>                <\/a>\n\n                \n                                    <div class=\"item-user-image\">\n                        <img decoding=\"async\" data-image-id=\"1\" id=\"profile-img-758\" src=\"https:\/\/keep4box.com\/wp-content\/themes\/homey\/images\/avatar.png\" class=\"img-responsive img-circle\" alt=\"4dministr4dor\" width=\"36\" height=\"36\">                    <\/div>\n                            <\/div>\n        <\/div>\n        <div class=\"media-body item-body clearfix\">\n\n            <div class=\"item-title-head table-block\">\n                <div class=\"title-head-left\">\n                    <h2 class=\"title\"><a href=\"https:\/\/keep4box.com\/es\/listing\/traster-mida-mitjana-a-rubi\/\">\n                            TRASTERO TAMA\u00d1O MEDIANO en Rub\u00ed<\/a><\/h2>\n\n                    <address class=\"item-address\">Carrer de Luxemburg n\u00ba 2 - Nau, Rub\u00ed<\/address>        \n                <\/div>\n            <\/div>\n\n                        <ul class=\"item-amenities\">\n\n                \n                \n                \n                                <li class=\"item-type\">Box MEDIANO<\/li>\n                            <\/ul>\n            \n                            <div class=\"item-user-image list-item-hidden\">\n                    <img decoding=\"async\" data-image-id=\"1\" id=\"profile-img-758\" src=\"https:\/\/keep4box.com\/wp-content\/themes\/homey\/images\/avatar.png\" class=\"img-responsive img-circle\" alt=\"4dministr4dor\" width=\"36\" height=\"36\">                    <span class=\"item-user-info\">Anunciado por<br>\n                    4dministr4dor<\/span>\n                <\/div>\n            \n            <div class=\"item-footer\">\n\n                \n                            <\/div>\n        <\/div>\n    <\/div>\n<\/div><!-- .item-wrap -->\n<div class=\"item-wrap infobox_trigger homey-matchHeight item-grid-view infobox_trigger homey-matchHeight\" data-dir=\"listing-item\" data-id=\"5676\">\n    <div class=\"media property-item\">\n        <div class=\"media-left\">\n            <div class=\"item-media item-media-thumb\">\n                                <a class=\"hover-effect\" href=\"https:\/\/keep4box.com\/es\/listing\/traster-mida-petita-a-rubi\/\">\n                    <img loading=\"lazy\" decoding=\"async\" width=\"450\" height=\"300\" src=\"https:\/\/keep4box.com\/wp-content\/uploads\/2026\/02\/rubibox-450x300.jpg\" class=\"img-responsive wp-post-image\" alt=\"keep4box rubi\" srcset=\"https:\/\/keep4box.com\/wp-content\/uploads\/2026\/02\/rubibox-450x300.jpg 450w, https:\/\/keep4box.com\/wp-content\/uploads\/2026\/02\/rubibox-1140x760.jpg 1140w, https:\/\/keep4box.com\/wp-content\/uploads\/2026\/02\/rubibox-120x80.jpg 120w\" sizes=\"(max-width: 450px) 100vw, 450px\" \/>                <\/a>\n\n                \n                                    <div class=\"item-user-image\">\n                        <img decoding=\"async\" data-image-id=\"1\" id=\"profile-img-758\" src=\"https:\/\/keep4box.com\/wp-content\/themes\/homey\/images\/avatar.png\" class=\"img-responsive img-circle\" alt=\"4dministr4dor\" width=\"36\" height=\"36\">                    <\/div>\n                            <\/div>\n        <\/div>\n        <div class=\"media-body item-body clearfix\">\n\n            <div class=\"item-title-head table-block\">\n                <div class=\"title-head-left\">\n                    <h2 class=\"title\"><a href=\"https:\/\/keep4box.com\/es\/listing\/traster-mida-petita-a-rubi\/\">\n                            TRASTERO TAMA\u00d1O PEQUE\u00d1O en Rub\u00ed<\/a><\/h2>\n\n                    <address class=\"item-address\">Carrer de Luxemburg n\u00ba 2 - Nau, Rub\u00ed<\/address>        \n                <\/div>\n            <\/div>\n\n                        <ul class=\"item-amenities\">\n\n                \n                \n                \n                                <li class=\"item-type\">Box PEQUE\u00d1O<\/li>\n                            <\/ul>\n            \n                            <div class=\"item-user-image list-item-hidden\">\n                    <img decoding=\"async\" data-image-id=\"1\" id=\"profile-img-758\" src=\"https:\/\/keep4box.com\/wp-content\/themes\/homey\/images\/avatar.png\" class=\"img-responsive img-circle\" alt=\"4dministr4dor\" width=\"36\" height=\"36\">                    <span class=\"item-user-info\">Anunciado por<br>\n                    4dministr4dor<\/span>\n                <\/div>\n            \n            <div class=\"item-footer\">\n\n                \n                            <\/div>\n        <\/div>\n    <\/div>\n<\/div><!-- .item-wrap -->\t\t\t\t<\/div>\r\n\t\t\t<\/div><!-- grid-listing-page -->\r\n\t\t<\/div>\r\n\t\t\r\n\t\t\t\t\t\t<\/div>\n\t\t\t\t<\/div>\n\t\t\t\t\t<\/div>\n\t\t<\/div>\n\t\t\t\t\t<\/div>\n\t\t<\/section>\n\t\t\t\t<section class=\"elementor-section elementor-top-section elementor-element elementor-element-42e94563 elementor-section-boxed elementor-section-height-default elementor-section-height-default elementor-invisible\" data-id=\"42e94563\" data-element_type=\"section\" data-e-type=\"section\" data-settings=\"{&quot;animation&quot;:&quot;fadeIn&quot;}\">\n\t\t\t\t\t\t<div class=\"elementor-container elementor-column-gap-default\">\n\t\t\t\t\t<div class=\"elementor-column elementor-col-100 elementor-top-column elementor-element elementor-element-30adb6e4\" data-id=\"30adb6e4\" data-element_type=\"column\" data-e-type=\"column\">\n\t\t\t<div class=\"elementor-widget-wrap elementor-element-populated\">\n\t\t\t\t\t\t<div class=\"elementor-element elementor-element-38e9544a elementor-widget-divider--view-line elementor-widget elementor-widget-divider\" data-id=\"38e9544a\" data-element_type=\"widget\" data-e-type=\"widget\" data-widget_type=\"divider.default\">\n\t\t\t\t\t\t\t<div class=\"elementor-divider\">\n\t\t\t<span class=\"elementor-divider-separator\">\n\t\t\t\t\t\t<\/span>\n\t\t<\/div>\n\t\t\t\t\t\t<\/div>\n\t\t\t\t<div class=\"elementor-element elementor-element-7be41528 elementor-widget elementor-widget-homey_elementor_section_title\" data-id=\"7be41528\" data-element_type=\"widget\" data-e-type=\"widget\" data-widget_type=\"homey_elementor_section_title.default\">\n\t\t\t\t<div class=\"elementor-widget-container\">\n\t\t\t\t\t            <div class=\"homey_section_title_wrap_elementor homey-module module-title section-title-module\">\n                                    <h2 class=\"homey_section_title\">Card View 3 Columns<\/h2>\n                \n                                    <p class=\"homey_section_subtitle sub-heading\">Listing Carousel Module<\/p>\n                            <\/div>\n            \t\t\t\t<\/div>\n\t\t\t\t<\/div>\n\t\t\t\t<div class=\"elementor-element elementor-element-91fc984 elementor-widget elementor-widget-homey_elementor_listings_carousel\" data-id=\"91fc984\" data-element_type=\"widget\" data-e-type=\"widget\" data-widget_type=\"homey_elementor_listings_carousel.default\">\n\t\t\t\t<div class=\"elementor-widget-container\">\n\t\t\t\t\t\r\n\t\t<div class=\"module-wrap property-module-card listing-carousel-next-prev-sGIyPdeBvg property-module-card-slider property-module-card-slider-3\">\r\n\t\t\t<div class=\"listing-wrap which-layout-card  item-card-view\">\r\n\t\t\t\t\t<div id=\"homey-listing-carousel-sGIyPdeBvg\" data-token=\"sGIyPdeBvg\" class=\"homey-carousel homey-carouse-elementor item-card-slider-view item-card-slider-view-3\">\r\n\t\t\t\t\t\t\n<div class=\"item-wrap item-card-view infobox_trigger homey-matchHeight\"  data-dir=\"listing-card\"  data-id=\"5776\">\n    <div class=\"media property-item\">\n        \n            <div class=\"item-media item-media-thumb\">\n\n                \n                <a class=\"hover-effect\" href=\"https:\/\/keep4box.com\/es\/listing\/traster-mida-gran-a-andorra-la-vella-ciutat-de-valls\/\">\n                <img fetchpriority=\"high\" decoding=\"async\" width=\"450\" height=\"300\" src=\"https:\/\/keep4box.com\/wp-content\/uploads\/2026\/03\/ciutatdevalls01-450x300.jpg\" class=\"img-responsive wp-post-image\" alt=\"\" srcset=\"https:\/\/keep4box.com\/wp-content\/uploads\/2026\/03\/ciutatdevalls01-450x300.jpg 450w, https:\/\/keep4box.com\/wp-content\/uploads\/2026\/03\/ciutatdevalls01-1140x760.jpg 1140w, https:\/\/keep4box.com\/wp-content\/uploads\/2026\/03\/ciutatdevalls01-120x80.jpg 120w\" sizes=\"(max-width: 450px) 100vw, 450px\" \/>                <\/a>\n\n                <div class=\"title-head\">\n                    \n                    <h2 class=\"title\"><a href=\"https:\/\/keep4box.com\/es\/listing\/traster-mida-gran-a-andorra-la-vella-ciutat-de-valls\/\">TRASTERO TAMA\u00d1O GRANDE en Andorra la Vella (Ciutat de Valls)<\/a><\/h2>\n\n                                        <ul class=\"item-amenities\">\n\n                        \n                        \n                                            <\/ul>\n                                    <\/div>\n                \n\n                \n                                <div class=\"item-user-image\">\n                    <img decoding=\"async\" data-image-id=\"1\" id=\"profile-img-758\" src=\"https:\/\/keep4box.com\/wp-content\/themes\/homey\/images\/avatar.png\" class=\"img-responsive img-circle\" alt=\"4dministr4dor\" width=\"36\" height=\"36\">                <\/div>\n                            <\/div>\n    <\/div>\n<\/div><!-- .item-wrap -->\n<div class=\"item-wrap item-card-view infobox_trigger homey-matchHeight\"  data-dir=\"listing-card\"  data-id=\"5777\">\n    <div class=\"media property-item\">\n        \n            <div class=\"item-media item-media-thumb\">\n\n                \n                <a class=\"hover-effect\" href=\"https:\/\/keep4box.com\/es\/listing\/traster-mida-mitjana-a-andorra-la-vella-ciutat-de-valls\/\">\n                <img fetchpriority=\"high\" decoding=\"async\" width=\"450\" height=\"300\" src=\"https:\/\/keep4box.com\/wp-content\/uploads\/2026\/03\/ciutatdevalls01-450x300.jpg\" class=\"img-responsive wp-post-image\" alt=\"\" srcset=\"https:\/\/keep4box.com\/wp-content\/uploads\/2026\/03\/ciutatdevalls01-450x300.jpg 450w, https:\/\/keep4box.com\/wp-content\/uploads\/2026\/03\/ciutatdevalls01-1140x760.jpg 1140w, https:\/\/keep4box.com\/wp-content\/uploads\/2026\/03\/ciutatdevalls01-120x80.jpg 120w\" sizes=\"(max-width: 450px) 100vw, 450px\" \/>                <\/a>\n\n                <div class=\"title-head\">\n                    \n                    <h2 class=\"title\"><a href=\"https:\/\/keep4box.com\/es\/listing\/traster-mida-mitjana-a-andorra-la-vella-ciutat-de-valls\/\">TRASTERO TAMA\u00d1O MEDIANO en Andorra la Vella (Ciutat de Valls)<\/a><\/h2>\n\n                                        <ul class=\"item-amenities\">\n\n                        \n                        \n                                            <\/ul>\n                                    <\/div>\n                \n\n                \n                                <div class=\"item-user-image\">\n                    <img decoding=\"async\" data-image-id=\"1\" id=\"profile-img-758\" src=\"https:\/\/keep4box.com\/wp-content\/themes\/homey\/images\/avatar.png\" class=\"img-responsive img-circle\" alt=\"4dministr4dor\" width=\"36\" height=\"36\">                <\/div>\n                            <\/div>\n    <\/div>\n<\/div><!-- .item-wrap -->\n<div class=\"item-wrap item-card-view infobox_trigger homey-matchHeight\"  data-dir=\"listing-card\"  data-id=\"5778\">\n    <div class=\"media property-item\">\n        \n            <div class=\"item-media item-media-thumb\">\n\n                \n                <a class=\"hover-effect\" href=\"https:\/\/keep4box.com\/es\/listing\/traster-mida-petita-a-andorra-la-vella-ciutat-de-valls\/\">\n                <img fetchpriority=\"high\" decoding=\"async\" width=\"450\" height=\"300\" src=\"https:\/\/keep4box.com\/wp-content\/uploads\/2026\/03\/ciutatdevalls01-450x300.jpg\" class=\"img-responsive wp-post-image\" alt=\"\" srcset=\"https:\/\/keep4box.com\/wp-content\/uploads\/2026\/03\/ciutatdevalls01-450x300.jpg 450w, https:\/\/keep4box.com\/wp-content\/uploads\/2026\/03\/ciutatdevalls01-1140x760.jpg 1140w, https:\/\/keep4box.com\/wp-content\/uploads\/2026\/03\/ciutatdevalls01-120x80.jpg 120w\" sizes=\"(max-width: 450px) 100vw, 450px\" \/>                <\/a>\n\n                <div class=\"title-head\">\n                    \n                    <h2 class=\"title\"><a href=\"https:\/\/keep4box.com\/es\/listing\/traster-mida-petita-a-andorra-la-vella-ciutat-de-valls\/\">TRASTERO TAMA\u00d1O PEQUE\u00d1O en Andorra la Vella (Ciutat de Valls)<\/a><\/h2>\n\n                                        <ul class=\"item-amenities\">\n\n                        \n                        \n                                            <\/ul>\n                                    <\/div>\n                \n\n                \n                                <div class=\"item-user-image\">\n                    <img decoding=\"async\" data-image-id=\"1\" id=\"profile-img-758\" src=\"https:\/\/keep4box.com\/wp-content\/themes\/homey\/images\/avatar.png\" class=\"img-responsive img-circle\" alt=\"4dministr4dor\" width=\"36\" height=\"36\">                <\/div>\n                            <\/div>\n    <\/div>\n<\/div><!-- .item-wrap -->\n<div class=\"item-wrap item-card-view infobox_trigger homey-matchHeight\"  data-dir=\"listing-card\"  data-id=\"5705\">\n    <div class=\"media property-item\">\n        \n            <div class=\"item-media item-media-thumb\">\n\n                \n                <a class=\"hover-effect\" href=\"https:\/\/keep4box.com\/es\/listing\/traster-mida-gran-a-sant-fruitos\/\">\n                <img decoding=\"async\" width=\"450\" height=\"300\" src=\"https:\/\/keep4box.com\/wp-content\/uploads\/2026\/02\/santfruitos_principal-450x300.jpg\" class=\"img-responsive wp-post-image\" alt=\"\" srcset=\"https:\/\/keep4box.com\/wp-content\/uploads\/2026\/02\/santfruitos_principal-450x300.jpg 450w, https:\/\/keep4box.com\/wp-content\/uploads\/2026\/02\/santfruitos_principal-16x12.jpg 16w, https:\/\/keep4box.com\/wp-content\/uploads\/2026\/02\/santfruitos_principal-1140x760.jpg 1140w, https:\/\/keep4box.com\/wp-content\/uploads\/2026\/02\/santfruitos_principal-120x80.jpg 120w\" sizes=\"(max-width: 450px) 100vw, 450px\" \/>                <\/a>\n\n                <div class=\"title-head\">\n                    \n                    <h2 class=\"title\"><a href=\"https:\/\/keep4box.com\/es\/listing\/traster-mida-gran-a-sant-fruitos\/\">TRASTERO TAMA\u00d1O GRANDE en Sant Fruit\u00f3s<\/a><\/h2>\n\n                                        <ul class=\"item-amenities\">\n\n                        \n                        \n                                            <\/ul>\n                                    <\/div>\n                \n\n                \n                                <div class=\"item-user-image\">\n                    <img decoding=\"async\" data-image-id=\"1\" id=\"profile-img-758\" src=\"https:\/\/keep4box.com\/wp-content\/themes\/homey\/images\/avatar.png\" class=\"img-responsive img-circle\" alt=\"4dministr4dor\" width=\"36\" height=\"36\">                <\/div>\n                            <\/div>\n    <\/div>\n<\/div><!-- .item-wrap -->\n<div class=\"item-wrap item-card-view infobox_trigger homey-matchHeight\"  data-dir=\"listing-card\"  data-id=\"5697\">\n    <div class=\"media property-item\">\n        \n            <div class=\"item-media item-media-thumb\">\n\n                \n                <a class=\"hover-effect\" href=\"https:\/\/keep4box.com\/es\/listing\/traster-mida-mitjana-a-sant-fruitos\/\">\n                <img decoding=\"async\" width=\"450\" height=\"300\" src=\"https:\/\/keep4box.com\/wp-content\/uploads\/2026\/02\/santfruitos_principal-450x300.jpg\" class=\"img-responsive wp-post-image\" alt=\"\" srcset=\"https:\/\/keep4box.com\/wp-content\/uploads\/2026\/02\/santfruitos_principal-450x300.jpg 450w, https:\/\/keep4box.com\/wp-content\/uploads\/2026\/02\/santfruitos_principal-16x12.jpg 16w, https:\/\/keep4box.com\/wp-content\/uploads\/2026\/02\/santfruitos_principal-1140x760.jpg 1140w, https:\/\/keep4box.com\/wp-content\/uploads\/2026\/02\/santfruitos_principal-120x80.jpg 120w\" sizes=\"(max-width: 450px) 100vw, 450px\" \/>                <\/a>\n\n                <div class=\"title-head\">\n                    \n                    <h2 class=\"title\"><a href=\"https:\/\/keep4box.com\/es\/listing\/traster-mida-mitjana-a-sant-fruitos\/\">TRASTERO TAMA\u00d1O MEDIANO en Sant Fruit\u00f3s<\/a><\/h2>\n\n                                        <ul class=\"item-amenities\">\n\n                        \n                        \n                                            <\/ul>\n                                    <\/div>\n                \n\n                \n                                <div class=\"item-user-image\">\n                    <img decoding=\"async\" data-image-id=\"1\" id=\"profile-img-758\" src=\"https:\/\/keep4box.com\/wp-content\/themes\/homey\/images\/avatar.png\" class=\"img-responsive img-circle\" alt=\"4dministr4dor\" width=\"36\" height=\"36\">                <\/div>\n                            <\/div>\n    <\/div>\n<\/div><!-- .item-wrap -->\n<div class=\"item-wrap item-card-view infobox_trigger homey-matchHeight\"  data-dir=\"listing-card\"  data-id=\"5700\">\n    <div class=\"media property-item\">\n        \n            <div class=\"item-media item-media-thumb\">\n\n                \n                <a class=\"hover-effect\" href=\"https:\/\/keep4box.com\/es\/listing\/traster-mida-petita-a-sant-fruitos\/\">\n                <img decoding=\"async\" width=\"450\" height=\"300\" src=\"https:\/\/keep4box.com\/wp-content\/uploads\/2026\/02\/santfruitos_principal-450x300.jpg\" class=\"img-responsive wp-post-image\" alt=\"\" srcset=\"https:\/\/keep4box.com\/wp-content\/uploads\/2026\/02\/santfruitos_principal-450x300.jpg 450w, https:\/\/keep4box.com\/wp-content\/uploads\/2026\/02\/santfruitos_principal-16x12.jpg 16w, https:\/\/keep4box.com\/wp-content\/uploads\/2026\/02\/santfruitos_principal-1140x760.jpg 1140w, https:\/\/keep4box.com\/wp-content\/uploads\/2026\/02\/santfruitos_principal-120x80.jpg 120w\" sizes=\"(max-width: 450px) 100vw, 450px\" \/>                <\/a>\n\n                <div class=\"title-head\">\n                    \n                    <h2 class=\"title\"><a href=\"https:\/\/keep4box.com\/es\/listing\/traster-mida-petita-a-sant-fruitos\/\">TRASTERO TAMA\u00d1O PEQUE\u00d1O en Sant Fruit\u00f3s<\/a><\/h2>\n\n                                        <ul class=\"item-amenities\">\n\n                        \n                        \n                                            <\/ul>\n                                    <\/div>\n                \n\n                \n                                <div class=\"item-user-image\">\n                    <img decoding=\"async\" data-image-id=\"1\" id=\"profile-img-758\" src=\"https:\/\/keep4box.com\/wp-content\/themes\/homey\/images\/avatar.png\" class=\"img-responsive img-circle\" alt=\"4dministr4dor\" width=\"36\" height=\"36\">                <\/div>\n                            <\/div>\n    <\/div>\n<\/div><!-- .item-wrap -->\n<div class=\"item-wrap item-card-view infobox_trigger homey-matchHeight\"  data-dir=\"listing-card\"  data-id=\"5680\">\n    <div class=\"media property-item\">\n        \n            <div class=\"item-media item-media-thumb\">\n\n                \n                <a class=\"hover-effect\" href=\"https:\/\/keep4box.com\/es\/listing\/traster-mida-gran-a-rubi\/\">\n                <img loading=\"lazy\" decoding=\"async\" width=\"450\" height=\"300\" src=\"https:\/\/keep4box.com\/wp-content\/uploads\/2026\/02\/rubibox-450x300.jpg\" class=\"img-responsive wp-post-image\" alt=\"keep4box rubi\" srcset=\"https:\/\/keep4box.com\/wp-content\/uploads\/2026\/02\/rubibox-450x300.jpg 450w, https:\/\/keep4box.com\/wp-content\/uploads\/2026\/02\/rubibox-1140x760.jpg 1140w, https:\/\/keep4box.com\/wp-content\/uploads\/2026\/02\/rubibox-120x80.jpg 120w\" sizes=\"(max-width: 450px) 100vw, 450px\" \/>                <\/a>\n\n                <div class=\"title-head\">\n                    \n                    <h2 class=\"title\"><a href=\"https:\/\/keep4box.com\/es\/listing\/traster-mida-gran-a-rubi\/\">TRASTERO TAMA\u00d1O GRANDE en Rub\u00ed<\/a><\/h2>\n\n                                        <ul class=\"item-amenities\">\n\n                        \n                        \n                                            <\/ul>\n                                    <\/div>\n                \n\n                \n                                <div class=\"item-user-image\">\n                    <img decoding=\"async\" data-image-id=\"1\" id=\"profile-img-758\" src=\"https:\/\/keep4box.com\/wp-content\/themes\/homey\/images\/avatar.png\" class=\"img-responsive img-circle\" alt=\"4dministr4dor\" width=\"36\" height=\"36\">                <\/div>\n                            <\/div>\n    <\/div>\n<\/div><!-- .item-wrap -->\n<div class=\"item-wrap item-card-view infobox_trigger homey-matchHeight\"  data-dir=\"listing-card\"  data-id=\"5678\">\n    <div class=\"media property-item\">\n        \n            <div class=\"item-media item-media-thumb\">\n\n                \n                <a class=\"hover-effect\" href=\"https:\/\/keep4box.com\/es\/listing\/traster-mida-mitjana-a-rubi\/\">\n                <img loading=\"lazy\" decoding=\"async\" width=\"450\" height=\"300\" src=\"https:\/\/keep4box.com\/wp-content\/uploads\/2026\/02\/rubibox-450x300.jpg\" class=\"img-responsive wp-post-image\" alt=\"keep4box rubi\" srcset=\"https:\/\/keep4box.com\/wp-content\/uploads\/2026\/02\/rubibox-450x300.jpg 450w, https:\/\/keep4box.com\/wp-content\/uploads\/2026\/02\/rubibox-1140x760.jpg 1140w, https:\/\/keep4box.com\/wp-content\/uploads\/2026\/02\/rubibox-120x80.jpg 120w\" sizes=\"(max-width: 450px) 100vw, 450px\" \/>                <\/a>\n\n                <div class=\"title-head\">\n                    \n                    <h2 class=\"title\"><a href=\"https:\/\/keep4box.com\/es\/listing\/traster-mida-mitjana-a-rubi\/\">TRASTERO TAMA\u00d1O MEDIANO en Rub\u00ed<\/a><\/h2>\n\n                                        <ul class=\"item-amenities\">\n\n                        \n                        \n                                            <\/ul>\n                                    <\/div>\n                \n\n                \n                                <div class=\"item-user-image\">\n                    <img decoding=\"async\" data-image-id=\"1\" id=\"profile-img-758\" src=\"https:\/\/keep4box.com\/wp-content\/themes\/homey\/images\/avatar.png\" class=\"img-responsive img-circle\" alt=\"4dministr4dor\" width=\"36\" height=\"36\">                <\/div>\n                            <\/div>\n    <\/div>\n<\/div><!-- .item-wrap -->\n<div class=\"item-wrap item-card-view infobox_trigger homey-matchHeight\"  data-dir=\"listing-card\"  data-id=\"5676\">\n    <div class=\"media property-item\">\n        \n            <div class=\"item-media item-media-thumb\">\n\n                \n                <a class=\"hover-effect\" href=\"https:\/\/keep4box.com\/es\/listing\/traster-mida-petita-a-rubi\/\">\n                <img loading=\"lazy\" decoding=\"async\" width=\"450\" height=\"300\" src=\"https:\/\/keep4box.com\/wp-content\/uploads\/2026\/02\/rubibox-450x300.jpg\" class=\"img-responsive wp-post-image\" alt=\"keep4box rubi\" srcset=\"https:\/\/keep4box.com\/wp-content\/uploads\/2026\/02\/rubibox-450x300.jpg 450w, https:\/\/keep4box.com\/wp-content\/uploads\/2026\/02\/rubibox-1140x760.jpg 1140w, https:\/\/keep4box.com\/wp-content\/uploads\/2026\/02\/rubibox-120x80.jpg 120w\" sizes=\"(max-width: 450px) 100vw, 450px\" \/>                <\/a>\n\n                <div class=\"title-head\">\n                    \n                    <h2 class=\"title\"><a href=\"https:\/\/keep4box.com\/es\/listing\/traster-mida-petita-a-rubi\/\">TRASTERO TAMA\u00d1O PEQUE\u00d1O en Rub\u00ed<\/a><\/h2>\n\n                                        <ul class=\"item-amenities\">\n\n                        \n                        \n                                            <\/ul>\n                                    <\/div>\n                \n\n                \n                                <div class=\"item-user-image\">\n                    <img decoding=\"async\" data-image-id=\"1\" id=\"profile-img-758\" src=\"https:\/\/keep4box.com\/wp-content\/themes\/homey\/images\/avatar.png\" class=\"img-responsive img-circle\" alt=\"4dministr4dor\" width=\"36\" height=\"36\">                <\/div>\n                            <\/div>\n    <\/div>\n<\/div><!-- .item-wrap -->\t\t\t\t<\/div>\r\n\t\t\t<\/div><!-- grid-listing-page -->\r\n\t\t<\/div>\r\n\t\t\r\n\t\t\t\t\t\t<\/div>\n\t\t\t\t<\/div>\n\t\t\t\t\t<\/div>\n\t\t<\/div>\n\t\t\t\t\t<\/div>\n\t\t<\/section>\n\t\t\t\t<section class=\"elementor-section elementor-top-section elementor-element elementor-element-3f1c9d8 elementor-section-boxed elementor-section-height-default elementor-section-height-default elementor-invisible\" data-id=\"3f1c9d8\" data-element_type=\"section\" data-e-type=\"section\" data-settings=\"{&quot;animation&quot;:&quot;fadeIn&quot;}\">\n\t\t\t\t\t\t<div class=\"elementor-container elementor-column-gap-default\">\n\t\t\t\t\t<div class=\"elementor-column elementor-col-100 elementor-top-column elementor-element elementor-element-c5d2192\" data-id=\"c5d2192\" data-element_type=\"column\" data-e-type=\"column\">\n\t\t\t<div class=\"elementor-widget-wrap elementor-element-populated\">\n\t\t\t\t\t\t<div class=\"elementor-element elementor-element-5ef6d34 elementor-widget-divider--view-line elementor-widget elementor-widget-divider\" data-id=\"5ef6d34\" data-element_type=\"widget\" data-e-type=\"widget\" data-widget_type=\"divider.default\">\n\t\t\t\t\t\t\t<div class=\"elementor-divider\">\n\t\t\t<span class=\"elementor-divider-separator\">\n\t\t\t\t\t\t<\/span>\n\t\t<\/div>\n\t\t\t\t\t\t<\/div>\n\t\t\t\t<div class=\"elementor-element elementor-element-f7c136d elementor-widget elementor-widget-homey_elementor_section_title\" data-id=\"f7c136d\" data-element_type=\"widget\" data-e-type=\"widget\" data-widget_type=\"homey_elementor_section_title.default\">\n\t\t\t\t<div class=\"elementor-widget-container\">\n\t\t\t\t\t            <div class=\"homey_section_title_wrap_elementor homey-module module-title section-title-module\">\n                                    <h2 class=\"homey_section_title\">Card View 4Columns<\/h2>\n                \n                                    <p class=\"homey_section_subtitle sub-heading\">Listing Carousel Module<\/p>\n                            <\/div>\n            \t\t\t\t<\/div>\n\t\t\t\t<\/div>\n\t\t\t\t<div class=\"elementor-element elementor-element-6aa2018 elementor-widget elementor-widget-homey_elementor_listings_carousel\" data-id=\"6aa2018\" data-element_type=\"widget\" data-e-type=\"widget\" data-widget_type=\"homey_elementor_listings_carousel.default\">\n\t\t\t\t<div class=\"elementor-widget-container\">\n\t\t\t\t\t\r\n\t\t<div class=\"module-wrap property-module-card listing-carousel-next-prev-VkmPCRLf2t property-module-card-slider property-module-card-slider-4\">\r\n\t\t\t<div class=\"listing-wrap which-layout-card  item-card-view\">\r\n\t\t\t\t\t<div id=\"homey-listing-carousel-VkmPCRLf2t\" data-token=\"VkmPCRLf2t\" class=\"homey-carousel homey-carouse-elementor item-card-slider-view item-card-slider-view-4\">\r\n\t\t\t\t\t\t\n<div class=\"item-wrap item-card-view infobox_trigger homey-matchHeight\"  data-dir=\"listing-card\"  data-id=\"5776\">\n    <div class=\"media property-item\">\n        \n            <div class=\"item-media item-media-thumb\">\n\n                \n                <a class=\"hover-effect\" href=\"https:\/\/keep4box.com\/es\/listing\/traster-mida-gran-a-andorra-la-vella-ciutat-de-valls\/\">\n                <img fetchpriority=\"high\" decoding=\"async\" width=\"450\" height=\"300\" src=\"https:\/\/keep4box.com\/wp-content\/uploads\/2026\/03\/ciutatdevalls01-450x300.jpg\" class=\"img-responsive wp-post-image\" alt=\"\" srcset=\"https:\/\/keep4box.com\/wp-content\/uploads\/2026\/03\/ciutatdevalls01-450x300.jpg 450w, https:\/\/keep4box.com\/wp-content\/uploads\/2026\/03\/ciutatdevalls01-1140x760.jpg 1140w, https:\/\/keep4box.com\/wp-content\/uploads\/2026\/03\/ciutatdevalls01-120x80.jpg 120w\" sizes=\"(max-width: 450px) 100vw, 450px\" \/>                <\/a>\n\n                <div class=\"title-head\">\n                    \n                    <h2 class=\"title\"><a href=\"https:\/\/keep4box.com\/es\/listing\/traster-mida-gran-a-andorra-la-vella-ciutat-de-valls\/\">TRASTERO TAMA\u00d1O GRANDE en Andorra la Vella (Ciutat de Valls)<\/a><\/h2>\n\n                                        <ul class=\"item-amenities\">\n\n                        \n                        \n                                            <\/ul>\n                                    <\/div>\n                \n\n                \n                                <div class=\"item-user-image\">\n                    <img decoding=\"async\" data-image-id=\"1\" id=\"profile-img-758\" src=\"https:\/\/keep4box.com\/wp-content\/themes\/homey\/images\/avatar.png\" class=\"img-responsive img-circle\" alt=\"4dministr4dor\" width=\"36\" height=\"36\">                <\/div>\n                            <\/div>\n    <\/div>\n<\/div><!-- .item-wrap -->\n<div class=\"item-wrap item-card-view infobox_trigger homey-matchHeight\"  data-dir=\"listing-card\"  data-id=\"5777\">\n    <div class=\"media property-item\">\n        \n            <div class=\"item-media item-media-thumb\">\n\n                \n                <a class=\"hover-effect\" href=\"https:\/\/keep4box.com\/es\/listing\/traster-mida-mitjana-a-andorra-la-vella-ciutat-de-valls\/\">\n                <img fetchpriority=\"high\" decoding=\"async\" width=\"450\" height=\"300\" src=\"https:\/\/keep4box.com\/wp-content\/uploads\/2026\/03\/ciutatdevalls01-450x300.jpg\" class=\"img-responsive wp-post-image\" alt=\"\" srcset=\"https:\/\/keep4box.com\/wp-content\/uploads\/2026\/03\/ciutatdevalls01-450x300.jpg 450w, https:\/\/keep4box.com\/wp-content\/uploads\/2026\/03\/ciutatdevalls01-1140x760.jpg 1140w, https:\/\/keep4box.com\/wp-content\/uploads\/2026\/03\/ciutatdevalls01-120x80.jpg 120w\" sizes=\"(max-width: 450px) 100vw, 450px\" \/>                <\/a>\n\n                <div class=\"title-head\">\n                    \n                    <h2 class=\"title\"><a href=\"https:\/\/keep4box.com\/es\/listing\/traster-mida-mitjana-a-andorra-la-vella-ciutat-de-valls\/\">TRASTERO TAMA\u00d1O MEDIANO en Andorra la Vella (Ciutat de Valls)<\/a><\/h2>\n\n                                        <ul class=\"item-amenities\">\n\n                        \n                        \n                                            <\/ul>\n                                    <\/div>\n                \n\n                \n                                <div class=\"item-user-image\">\n                    <img decoding=\"async\" data-image-id=\"1\" id=\"profile-img-758\" src=\"https:\/\/keep4box.com\/wp-content\/themes\/homey\/images\/avatar.png\" class=\"img-responsive img-circle\" alt=\"4dministr4dor\" width=\"36\" height=\"36\">                <\/div>\n                            <\/div>\n    <\/div>\n<\/div><!-- .item-wrap -->\n<div class=\"item-wrap item-card-view infobox_trigger homey-matchHeight\"  data-dir=\"listing-card\"  data-id=\"5778\">\n    <div class=\"media property-item\">\n        \n            <div class=\"item-media item-media-thumb\">\n\n                \n                <a class=\"hover-effect\" href=\"https:\/\/keep4box.com\/es\/listing\/traster-mida-petita-a-andorra-la-vella-ciutat-de-valls\/\">\n                <img fetchpriority=\"high\" decoding=\"async\" width=\"450\" height=\"300\" src=\"https:\/\/keep4box.com\/wp-content\/uploads\/2026\/03\/ciutatdevalls01-450x300.jpg\" class=\"img-responsive wp-post-image\" alt=\"\" srcset=\"https:\/\/keep4box.com\/wp-content\/uploads\/2026\/03\/ciutatdevalls01-450x300.jpg 450w, https:\/\/keep4box.com\/wp-content\/uploads\/2026\/03\/ciutatdevalls01-1140x760.jpg 1140w, https:\/\/keep4box.com\/wp-content\/uploads\/2026\/03\/ciutatdevalls01-120x80.jpg 120w\" sizes=\"(max-width: 450px) 100vw, 450px\" \/>                <\/a>\n\n                <div class=\"title-head\">\n                    \n                    <h2 class=\"title\"><a href=\"https:\/\/keep4box.com\/es\/listing\/traster-mida-petita-a-andorra-la-vella-ciutat-de-valls\/\">TRASTERO TAMA\u00d1O PEQUE\u00d1O en Andorra la Vella (Ciutat de Valls)<\/a><\/h2>\n\n                                        <ul class=\"item-amenities\">\n\n                        \n                        \n                                            <\/ul>\n                                    <\/div>\n                \n\n                \n                                <div class=\"item-user-image\">\n                    <img decoding=\"async\" data-image-id=\"1\" id=\"profile-img-758\" src=\"https:\/\/keep4box.com\/wp-content\/themes\/homey\/images\/avatar.png\" class=\"img-responsive img-circle\" alt=\"4dministr4dor\" width=\"36\" height=\"36\">                <\/div>\n                            <\/div>\n    <\/div>\n<\/div><!-- .item-wrap -->\n<div class=\"item-wrap item-card-view infobox_trigger homey-matchHeight\"  data-dir=\"listing-card\"  data-id=\"5705\">\n    <div class=\"media property-item\">\n        \n            <div class=\"item-media item-media-thumb\">\n\n                \n                <a class=\"hover-effect\" href=\"https:\/\/keep4box.com\/es\/listing\/traster-mida-gran-a-sant-fruitos\/\">\n                <img decoding=\"async\" width=\"450\" height=\"300\" src=\"https:\/\/keep4box.com\/wp-content\/uploads\/2026\/02\/santfruitos_principal-450x300.jpg\" class=\"img-responsive wp-post-image\" alt=\"\" srcset=\"https:\/\/keep4box.com\/wp-content\/uploads\/2026\/02\/santfruitos_principal-450x300.jpg 450w, https:\/\/keep4box.com\/wp-content\/uploads\/2026\/02\/santfruitos_principal-16x12.jpg 16w, https:\/\/keep4box.com\/wp-content\/uploads\/2026\/02\/santfruitos_principal-1140x760.jpg 1140w, https:\/\/keep4box.com\/wp-content\/uploads\/2026\/02\/santfruitos_principal-120x80.jpg 120w\" sizes=\"(max-width: 450px) 100vw, 450px\" \/>                <\/a>\n\n                <div class=\"title-head\">\n                    \n                    <h2 class=\"title\"><a href=\"https:\/\/keep4box.com\/es\/listing\/traster-mida-gran-a-sant-fruitos\/\">TRASTERO TAMA\u00d1O GRANDE en Sant Fruit\u00f3s<\/a><\/h2>\n\n                                        <ul class=\"item-amenities\">\n\n                        \n                        \n                                            <\/ul>\n                                    <\/div>\n                \n\n                \n                                <div class=\"item-user-image\">\n                    <img decoding=\"async\" data-image-id=\"1\" id=\"profile-img-758\" src=\"https:\/\/keep4box.com\/wp-content\/themes\/homey\/images\/avatar.png\" class=\"img-responsive img-circle\" alt=\"4dministr4dor\" width=\"36\" height=\"36\">                <\/div>\n                            <\/div>\n    <\/div>\n<\/div><!-- .item-wrap -->\n<div class=\"item-wrap item-card-view infobox_trigger homey-matchHeight\"  data-dir=\"listing-card\"  data-id=\"5697\">\n    <div class=\"media property-item\">\n        \n            <div class=\"item-media item-media-thumb\">\n\n                \n                <a class=\"hover-effect\" href=\"https:\/\/keep4box.com\/es\/listing\/traster-mida-mitjana-a-sant-fruitos\/\">\n                <img decoding=\"async\" width=\"450\" height=\"300\" src=\"https:\/\/keep4box.com\/wp-content\/uploads\/2026\/02\/santfruitos_principal-450x300.jpg\" class=\"img-responsive wp-post-image\" alt=\"\" srcset=\"https:\/\/keep4box.com\/wp-content\/uploads\/2026\/02\/santfruitos_principal-450x300.jpg 450w, https:\/\/keep4box.com\/wp-content\/uploads\/2026\/02\/santfruitos_principal-16x12.jpg 16w, https:\/\/keep4box.com\/wp-content\/uploads\/2026\/02\/santfruitos_principal-1140x760.jpg 1140w, https:\/\/keep4box.com\/wp-content\/uploads\/2026\/02\/santfruitos_principal-120x80.jpg 120w\" sizes=\"(max-width: 450px) 100vw, 450px\" \/>                <\/a>\n\n                <div class=\"title-head\">\n                    \n                    <h2 class=\"title\"><a href=\"https:\/\/keep4box.com\/es\/listing\/traster-mida-mitjana-a-sant-fruitos\/\">TRASTERO TAMA\u00d1O MEDIANO en Sant Fruit\u00f3s<\/a><\/h2>\n\n                                        <ul class=\"item-amenities\">\n\n                        \n                        \n                                            <\/ul>\n                                    <\/div>\n                \n\n                \n                                <div class=\"item-user-image\">\n                    <img decoding=\"async\" data-image-id=\"1\" id=\"profile-img-758\" src=\"https:\/\/keep4box.com\/wp-content\/themes\/homey\/images\/avatar.png\" class=\"img-responsive img-circle\" alt=\"4dministr4dor\" width=\"36\" height=\"36\">                <\/div>\n                            <\/div>\n    <\/div>\n<\/div><!-- .item-wrap -->\n<div class=\"item-wrap item-card-view infobox_trigger homey-matchHeight\"  data-dir=\"listing-card\"  data-id=\"5700\">\n    <div class=\"media property-item\">\n        \n            <div class=\"item-media item-media-thumb\">\n\n                \n                <a class=\"hover-effect\" href=\"https:\/\/keep4box.com\/es\/listing\/traster-mida-petita-a-sant-fruitos\/\">\n                <img decoding=\"async\" width=\"450\" height=\"300\" src=\"https:\/\/keep4box.com\/wp-content\/uploads\/2026\/02\/santfruitos_principal-450x300.jpg\" class=\"img-responsive wp-post-image\" alt=\"\" srcset=\"https:\/\/keep4box.com\/wp-content\/uploads\/2026\/02\/santfruitos_principal-450x300.jpg 450w, https:\/\/keep4box.com\/wp-content\/uploads\/2026\/02\/santfruitos_principal-16x12.jpg 16w, https:\/\/keep4box.com\/wp-content\/uploads\/2026\/02\/santfruitos_principal-1140x760.jpg 1140w, https:\/\/keep4box.com\/wp-content\/uploads\/2026\/02\/santfruitos_principal-120x80.jpg 120w\" sizes=\"(max-width: 450px) 100vw, 450px\" \/>                <\/a>\n\n                <div class=\"title-head\">\n                    \n                    <h2 class=\"title\"><a href=\"https:\/\/keep4box.com\/es\/listing\/traster-mida-petita-a-sant-fruitos\/\">TRASTERO TAMA\u00d1O PEQUE\u00d1O en Sant Fruit\u00f3s<\/a><\/h2>\n\n                                        <ul class=\"item-amenities\">\n\n                        \n                        \n                                            <\/ul>\n                                    <\/div>\n                \n\n                \n                                <div class=\"item-user-image\">\n                    <img decoding=\"async\" data-image-id=\"1\" id=\"profile-img-758\" src=\"https:\/\/keep4box.com\/wp-content\/themes\/homey\/images\/avatar.png\" class=\"img-responsive img-circle\" alt=\"4dministr4dor\" width=\"36\" height=\"36\">                <\/div>\n                            <\/div>\n    <\/div>\n<\/div><!-- .item-wrap -->\n<div class=\"item-wrap item-card-view infobox_trigger homey-matchHeight\"  data-dir=\"listing-card\"  data-id=\"5680\">\n    <div class=\"media property-item\">\n        \n            <div class=\"item-media item-media-thumb\">\n\n                \n                <a class=\"hover-effect\" href=\"https:\/\/keep4box.com\/es\/listing\/traster-mida-gran-a-rubi\/\">\n                <img loading=\"lazy\" decoding=\"async\" width=\"450\" height=\"300\" src=\"https:\/\/keep4box.com\/wp-content\/uploads\/2026\/02\/rubibox-450x300.jpg\" class=\"img-responsive wp-post-image\" alt=\"keep4box rubi\" srcset=\"https:\/\/keep4box.com\/wp-content\/uploads\/2026\/02\/rubibox-450x300.jpg 450w, https:\/\/keep4box.com\/wp-content\/uploads\/2026\/02\/rubibox-1140x760.jpg 1140w, https:\/\/keep4box.com\/wp-content\/uploads\/2026\/02\/rubibox-120x80.jpg 120w\" sizes=\"(max-width: 450px) 100vw, 450px\" \/>                <\/a>\n\n                <div class=\"title-head\">\n                    \n                    <h2 class=\"title\"><a href=\"https:\/\/keep4box.com\/es\/listing\/traster-mida-gran-a-rubi\/\">TRASTERO TAMA\u00d1O GRANDE en Rub\u00ed<\/a><\/h2>\n\n                                        <ul class=\"item-amenities\">\n\n                        \n                        \n                                            <\/ul>\n                                    <\/div>\n                \n\n                \n                                <div class=\"item-user-image\">\n                    <img decoding=\"async\" data-image-id=\"1\" id=\"profile-img-758\" src=\"https:\/\/keep4box.com\/wp-content\/themes\/homey\/images\/avatar.png\" class=\"img-responsive img-circle\" alt=\"4dministr4dor\" width=\"36\" height=\"36\">                <\/div>\n                            <\/div>\n    <\/div>\n<\/div><!-- .item-wrap -->\n<div class=\"item-wrap item-card-view infobox_trigger homey-matchHeight\"  data-dir=\"listing-card\"  data-id=\"5678\">\n    <div class=\"media property-item\">\n        \n            <div class=\"item-media item-media-thumb\">\n\n                \n                <a class=\"hover-effect\" href=\"https:\/\/keep4box.com\/es\/listing\/traster-mida-mitjana-a-rubi\/\">\n                <img loading=\"lazy\" decoding=\"async\" width=\"450\" height=\"300\" src=\"https:\/\/keep4box.com\/wp-content\/uploads\/2026\/02\/rubibox-450x300.jpg\" class=\"img-responsive wp-post-image\" alt=\"keep4box rubi\" srcset=\"https:\/\/keep4box.com\/wp-content\/uploads\/2026\/02\/rubibox-450x300.jpg 450w, https:\/\/keep4box.com\/wp-content\/uploads\/2026\/02\/rubibox-1140x760.jpg 1140w, https:\/\/keep4box.com\/wp-content\/uploads\/2026\/02\/rubibox-120x80.jpg 120w\" sizes=\"(max-width: 450px) 100vw, 450px\" \/>                <\/a>\n\n                <div class=\"title-head\">\n                    \n                    <h2 class=\"title\"><a href=\"https:\/\/keep4box.com\/es\/listing\/traster-mida-mitjana-a-rubi\/\">TRASTERO TAMA\u00d1O MEDIANO en Rub\u00ed<\/a><\/h2>\n\n                                        <ul class=\"item-amenities\">\n\n                        \n                        \n                                            <\/ul>\n                                    <\/div>\n                \n\n                \n                                <div class=\"item-user-image\">\n                    <img decoding=\"async\" data-image-id=\"1\" id=\"profile-img-758\" src=\"https:\/\/keep4box.com\/wp-content\/themes\/homey\/images\/avatar.png\" class=\"img-responsive img-circle\" alt=\"4dministr4dor\" width=\"36\" height=\"36\">                <\/div>\n                            <\/div>\n    <\/div>\n<\/div><!-- .item-wrap -->\n<div class=\"item-wrap item-card-view infobox_trigger homey-matchHeight\"  data-dir=\"listing-card\"  data-id=\"5676\">\n    <div class=\"media property-item\">\n        \n            <div class=\"item-media item-media-thumb\">\n\n                \n                <a class=\"hover-effect\" href=\"https:\/\/keep4box.com\/es\/listing\/traster-mida-petita-a-rubi\/\">\n                <img loading=\"lazy\" decoding=\"async\" width=\"450\" height=\"300\" src=\"https:\/\/keep4box.com\/wp-content\/uploads\/2026\/02\/rubibox-450x300.jpg\" class=\"img-responsive wp-post-image\" alt=\"keep4box rubi\" srcset=\"https:\/\/keep4box.com\/wp-content\/uploads\/2026\/02\/rubibox-450x300.jpg 450w, https:\/\/keep4box.com\/wp-content\/uploads\/2026\/02\/rubibox-1140x760.jpg 1140w, https:\/\/keep4box.com\/wp-content\/uploads\/2026\/02\/rubibox-120x80.jpg 120w\" sizes=\"(max-width: 450px) 100vw, 450px\" \/>                <\/a>\n\n                <div class=\"title-head\">\n                    \n                    <h2 class=\"title\"><a href=\"https:\/\/keep4box.com\/es\/listing\/traster-mida-petita-a-rubi\/\">TRASTERO TAMA\u00d1O PEQUE\u00d1O en Rub\u00ed<\/a><\/h2>\n\n                                        <ul class=\"item-amenities\">\n\n                        \n                        \n                                            <\/ul>\n                                    <\/div>\n                \n\n                \n                                <div class=\"item-user-image\">\n                    <img decoding=\"async\" data-image-id=\"1\" id=\"profile-img-758\" src=\"https:\/\/keep4box.com\/wp-content\/themes\/homey\/images\/avatar.png\" class=\"img-responsive img-circle\" alt=\"4dministr4dor\" width=\"36\" height=\"36\">                <\/div>\n                            <\/div>\n    <\/div>\n<\/div><!-- .item-wrap -->\t\t\t\t<\/div>\r\n\t\t\t<\/div><!-- grid-listing-page -->\r\n\t\t<\/div>\r\n\t\t\r\n\t\t\t\t\t\t<\/div>\n\t\t\t\t<\/div>\n\t\t\t\t\t<\/div>\n\t\t<\/div>\n\t\t\t\t\t<\/div>\n\t\t<\/section>\n\t\t\t\t<\/div>","protected":false},"excerpt":{"rendered":"<p>The Carousel Listing Module This page displays all Listing Carousel module combinations. This custom Elementor Page Builder widget helps you to display your listing section on a nice carousel. The module provides listing style, sorting, filtering and carousel options to manage the page content. Grid View 3 Columns Carousel Listing Module Featured $525.00\/night Modern Apartment [&hellip;]<\/p>\n","protected":false},"author":1,"featured_media":0,"parent":0,"menu_order":0,"comment_status":"closed","ping_status":"closed","template":"elementor_header_footer","meta":{"footnotes":""},"class_list":["post-1065","page","type-page","status-publish","hentry"],"yoast_head":"<!-- This site is optimized with the Yoast SEO plugin v27.4 - https:\/\/yoast.com\/product\/yoast-seo-wordpress\/ -->\n<title>Listing Carousel Module - Keep4Box<\/title>\n<meta name=\"robots\" content=\"index, follow, max-snippet:-1, max-image-preview:large, max-video-preview:-1\" \/>\n<link rel=\"canonical\" href=\"https:\/\/keep4box.com\/es\/listing-carousel-module\/\" \/>\n<meta property=\"og:locale\" content=\"es_ES\" \/>\n<meta property=\"og:type\" content=\"article\" \/>\n<meta property=\"og:title\" content=\"Listing Carousel Module - Keep4Box\" \/>\n<meta property=\"og:description\" content=\"The Carousel Listing Module This page displays all Listing Carousel module combinations. This custom Elementor Page Builder widget helps you to display your listing section on a nice carousel. The module provides listing style, sorting, filtering and carousel options to manage the page content. Grid View 3 Columns Carousel Listing Module Featured $525.00\/night Modern Apartment [&hellip;]\" \/>\n<meta property=\"og:url\" content=\"https:\/\/keep4box.com\/es\/listing-carousel-module\/\" \/>\n<meta property=\"og:site_name\" content=\"Keep4Box\" \/>\n<meta property=\"og:image\" content=\"https:\/\/demo13.gethomey.io\/wp-content\/uploads\/2018\/10\/28-450x300.jpg\" \/>\n<meta name=\"twitter:card\" content=\"summary_large_image\" \/>\n<meta name=\"twitter:label1\" content=\"Tiempo de lectura\" \/>\n\t<meta name=\"twitter:data1\" content=\"4 minutos\" \/>\n<script type=\"application\/ld+json\" class=\"yoast-schema-graph\">{\"@context\":\"https:\\\/\\\/schema.org\",\"@graph\":[{\"@type\":\"WebPage\",\"@id\":\"https:\\\/\\\/keep4box.com\\\/listing-carousel-module\\\/\",\"url\":\"https:\\\/\\\/keep4box.com\\\/listing-carousel-module\\\/\",\"name\":\"Listing Carousel Module - Keep4Box\",\"isPartOf\":{\"@id\":\"https:\\\/\\\/keep4box.com\\\/#website\"},\"primaryImageOfPage\":{\"@id\":\"https:\\\/\\\/keep4box.com\\\/listing-carousel-module\\\/#primaryimage\"},\"image\":{\"@id\":\"https:\\\/\\\/keep4box.com\\\/listing-carousel-module\\\/#primaryimage\"},\"thumbnailUrl\":\"https:\\\/\\\/demo13.gethomey.io\\\/wp-content\\\/uploads\\\/2018\\\/10\\\/28-450x300.jpg\",\"datePublished\":\"2018-10-23T14:59:25+00:00\",\"breadcrumb\":{\"@id\":\"https:\\\/\\\/keep4box.com\\\/listing-carousel-module\\\/#breadcrumb\"},\"inLanguage\":\"es\",\"potentialAction\":[{\"@type\":\"ReadAction\",\"target\":[\"https:\\\/\\\/keep4box.com\\\/listing-carousel-module\\\/\"]}]},{\"@type\":\"ImageObject\",\"inLanguage\":\"es\",\"@id\":\"https:\\\/\\\/keep4box.com\\\/listing-carousel-module\\\/#primaryimage\",\"url\":\"https:\\\/\\\/demo13.gethomey.io\\\/wp-content\\\/uploads\\\/2018\\\/10\\\/28-450x300.jpg\",\"contentUrl\":\"https:\\\/\\\/demo13.gethomey.io\\\/wp-content\\\/uploads\\\/2018\\\/10\\\/28-450x300.jpg\"},{\"@type\":\"BreadcrumbList\",\"@id\":\"https:\\\/\\\/keep4box.com\\\/listing-carousel-module\\\/#breadcrumb\",\"itemListElement\":[{\"@type\":\"ListItem\",\"position\":1,\"name\":\"Inici\",\"item\":\"https:\\\/\\\/keep4box.com\\\/\"},{\"@type\":\"ListItem\",\"position\":2,\"name\":\"Listing Carousel Module\"}]},{\"@type\":\"WebSite\",\"@id\":\"https:\\\/\\\/keep4box.com\\\/#website\",\"url\":\"https:\\\/\\\/keep4box.com\\\/\",\"name\":\"Keep4Box\",\"description\":\"\",\"potentialAction\":[{\"@type\":\"SearchAction\",\"target\":{\"@type\":\"EntryPoint\",\"urlTemplate\":\"https:\\\/\\\/keep4box.com\\\/?s={search_term_string}\"},\"query-input\":{\"@type\":\"PropertyValueSpecification\",\"valueRequired\":true,\"valueName\":\"search_term_string\"}}],\"inLanguage\":\"es\"}]}<\/script>\n<!-- \/ Yoast SEO plugin. -->","yoast_head_json":{"title":"Listing Carousel Module - Keep4Box","robots":{"index":"index","follow":"follow","max-snippet":"max-snippet:-1","max-image-preview":"max-image-preview:large","max-video-preview":"max-video-preview:-1"},"canonical":"https:\/\/keep4box.com\/es\/listing-carousel-module\/","og_locale":"es_ES","og_type":"article","og_title":"Listing Carousel Module - Keep4Box","og_description":"The Carousel Listing Module This page displays all Listing Carousel module combinations. This custom Elementor Page Builder widget helps you to display your listing section on a nice carousel. The module provides listing style, sorting, filtering and carousel options to manage the page content. Grid View 3 Columns Carousel Listing Module Featured $525.00\/night Modern Apartment [&hellip;]","og_url":"https:\/\/keep4box.com\/es\/listing-carousel-module\/","og_site_name":"Keep4Box","og_image":[{"url":"https:\/\/demo13.gethomey.io\/wp-content\/uploads\/2018\/10\/28-450x300.jpg","type":"","width":"","height":""}],"twitter_card":"summary_large_image","twitter_misc":{"Tiempo de lectura":"4 minutos"},"schema":{"@context":"https:\/\/schema.org","@graph":[{"@type":"WebPage","@id":"https:\/\/keep4box.com\/listing-carousel-module\/","url":"https:\/\/keep4box.com\/listing-carousel-module\/","name":"Listing Carousel Module - Keep4Box","isPartOf":{"@id":"https:\/\/keep4box.com\/#website"},"primaryImageOfPage":{"@id":"https:\/\/keep4box.com\/listing-carousel-module\/#primaryimage"},"image":{"@id":"https:\/\/keep4box.com\/listing-carousel-module\/#primaryimage"},"thumbnailUrl":"https:\/\/demo13.gethomey.io\/wp-content\/uploads\/2018\/10\/28-450x300.jpg","datePublished":"2018-10-23T14:59:25+00:00","breadcrumb":{"@id":"https:\/\/keep4box.com\/listing-carousel-module\/#breadcrumb"},"inLanguage":"es","potentialAction":[{"@type":"ReadAction","target":["https:\/\/keep4box.com\/listing-carousel-module\/"]}]},{"@type":"ImageObject","inLanguage":"es","@id":"https:\/\/keep4box.com\/listing-carousel-module\/#primaryimage","url":"https:\/\/demo13.gethomey.io\/wp-content\/uploads\/2018\/10\/28-450x300.jpg","contentUrl":"https:\/\/demo13.gethomey.io\/wp-content\/uploads\/2018\/10\/28-450x300.jpg"},{"@type":"BreadcrumbList","@id":"https:\/\/keep4box.com\/listing-carousel-module\/#breadcrumb","itemListElement":[{"@type":"ListItem","position":1,"name":"Inici","item":"https:\/\/keep4box.com\/"},{"@type":"ListItem","position":2,"name":"Listing Carousel Module"}]},{"@type":"WebSite","@id":"https:\/\/keep4box.com\/#website","url":"https:\/\/keep4box.com\/","name":"Keep4Box","description":"","potentialAction":[{"@type":"SearchAction","target":{"@type":"EntryPoint","urlTemplate":"https:\/\/keep4box.com\/?s={search_term_string}"},"query-input":{"@type":"PropertyValueSpecification","valueRequired":true,"valueName":"search_term_string"}}],"inLanguage":"es"}]}},"_links":{"self":[{"href":"https:\/\/keep4box.com\/es\/wp-json\/wp\/v2\/pages\/1065","targetHints":{"allow":["GET"]}}],"collection":[{"href":"https:\/\/keep4box.com\/es\/wp-json\/wp\/v2\/pages"}],"about":[{"href":"https:\/\/keep4box.com\/es\/wp-json\/wp\/v2\/types\/page"}],"author":[{"embeddable":true,"href":"https:\/\/keep4box.com\/es\/wp-json\/wp\/v2\/users\/1"}],"replies":[{"embeddable":true,"href":"https:\/\/keep4box.com\/es\/wp-json\/wp\/v2\/comments?post=1065"}],"version-history":[{"count":0,"href":"https:\/\/keep4box.com\/es\/wp-json\/wp\/v2\/pages\/1065\/revisions"}],"wp:attachment":[{"href":"https:\/\/keep4box.com\/es\/wp-json\/wp\/v2\/media?parent=1065"}],"curies":[{"name":"wp","href":"https:\/\/api.w.org\/{rel}","templated":true}]}}